{"id":184,"date":"2025-09-29T11:33:41","date_gmt":"2025-09-29T11:33:41","guid":{"rendered":"http:\/\/localhost:10034\/?page_id=184"},"modified":"2026-09-04T01:03:45","modified_gmt":"2026-09-04T01:03:45","slug":"home-2","status":"publish","type":"page","link":"https:\/\/voirfaso.com\/fr\/","title":{"rendered":"Accueil"},"content":{"rendered":"<div data-elementor-type=\"wp-page\" data-elementor-id=\"184\" class=\"elementor elementor-184\" data-elementor-post-type=\"page\">\n\t\t\t\t<div class=\"elementor-element elementor-element-ac2fe0b e-flex e-con-boxed e-con e-parent\" data-id=\"ac2fe0b\" data-element_type=\"container\" data-e-type=\"container\" data-settings=\"{&quot;shape_divider_top&quot;:&quot;pyramids&quot;}\">\n\t\t\t\t\t<div class=\"e-con-inner\">\n\t\t\t\t<div class=\"elementor-shape elementor-shape-top\" aria-hidden=\"true\" data-negative=\"false\">\n\t\t\t<svg xmlns=\"http:\/\/www.w3.org\/2000\/svg\" viewbox=\"0 0 1000 100\" preserveaspectratio=\"none\">\n\t<path class=\"elementor-shape-fill\" d=\"M761.9,44.1L643.1,27.2L333.8,98L0,3.8V0l1000,0v3.9\"\/>\n<\/svg>\t\t<\/div>\n\t\t<div class=\"elementor-element elementor-element-40a3b3b e-con-full e-flex e-con e-child\" data-id=\"40a3b3b\" data-element_type=\"container\" data-e-type=\"container\">\n\t\t\t\t<div class=\"elementor-element elementor-element-dbf8315 elementor-widget-mobile__width-inherit elementor-widget elementor-widget-fpg-post-group\" data-id=\"dbf8315\" data-element_type=\"widget\" data-e-type=\"widget\" data-settings=\"{&quot;thumbnail_type_group_large&quot;:&quot;image&quot;,&quot;thumbnail_type&quot;:&quot;image&quot;}\" data-widget_type=\"fpg-post-group.default\">\n\t\t\t\t<div class=\"elementor-widget-container\">\n\t\t\t\t\t\n        <div class=\"fpg-post-group fpg-post-group-two\" style=\"--total-post:6\">\n\t\t\t\n        <div class=\"fpg-card-style style-floating card-large\">\n\t\t\t                <div class=\"fpg-post-thumb\">\n\t\t\t\t\t                        <a href=\"https:\/\/voirfaso.com\/fr\/compte-satellite-du-tourisme-le-burkina-avance-dans-la-mesure-du-poids-economique-du-tourisme\/\" class=\"image-link\">\n\t\t\t\t\t\t\t<img fetchpriority=\"high\" decoding=\"async\" width=\"900\" height=\"675\" src=\"https:\/\/voirfaso.com\/wp-content\/uploads\/2026\/08\/Le-Burkina-avance-dans-la-mise-en-place-du-Compte-satellite-du-tourisme-1024x768.jpg\" class=\"attachment-large size-large wp-post-image\" alt=\"Atelier technique sur le Compte satellite du tourisme \u00e0 Koudougou\" srcset=\"https:\/\/voirfaso.com\/wp-content\/uploads\/2026\/08\/Le-Burkina-avance-dans-la-mise-en-place-du-Compte-satellite-du-tourisme-1024x768.jpg 1024w, https:\/\/voirfaso.com\/wp-content\/uploads\/2026\/08\/Le-Burkina-avance-dans-la-mise-en-place-du-Compte-satellite-du-tourisme-300x225.jpg 300w, https:\/\/voirfaso.com\/wp-content\/uploads\/2026\/08\/Le-Burkina-avance-dans-la-mise-en-place-du-Compte-satellite-du-tourisme-768x576.jpg 768w, https:\/\/voirfaso.com\/wp-content\/uploads\/2026\/08\/Le-Burkina-avance-dans-la-mise-en-place-du-Compte-satellite-du-tourisme-16x12.jpg 16w, https:\/\/voirfaso.com\/wp-content\/uploads\/2026\/08\/Le-Burkina-avance-dans-la-mise-en-place-du-Compte-satellite-du-tourisme-600x450.jpg 600w, https:\/\/voirfaso.com\/wp-content\/uploads\/2026\/08\/Le-Burkina-avance-dans-la-mise-en-place-du-Compte-satellite-du-tourisme.jpg 1280w\" sizes=\"(max-width: 900px) 100vw, 900px\" \/>                        <\/a>\n\t\t\t\t\t<div class=\"thumb-overlay\"><\/div>                <\/div>\n\t\t\t            <div class=\"fpg-post-content\">\n\t\t\t\t                <div class=\"fpg-post-content-inner\">\n\t\t\t\t\t<div class=\"fpg-post-cat\">                            <a href=\"https:\/\/voirfaso.com\/fr\/category\/tourisme\/\"\n                               class=\"post-cat\"\n                               style=\"--catCurrentBgColor: #edb936;--catCurrentColor: #ffffff;\">\n\t\t\t\t\t\t\t\tTourisme                            <\/a>\n\t\t\t\t\t\t<\/div><h3 class=\"fpg-post-title\"><a href=\"https:\/\/voirfaso.com\/fr\/compte-satellite-du-tourisme-le-burkina-avance-dans-la-mesure-du-poids-economique-du-tourisme\/\">Compte satellite du tourisme : le Burkina avance dans la mesure du poids \u00e9conomique du tourisme<\/a><\/h3>                <\/div>\n\t\t\t\t            <ul class=\"fpg-post-meta\">\n\t\t\t\t<li><span class=\"fpg-meta\"> <span>Par <a href=\"https:\/\/voirfaso.com\/fr\/author\/mbinaha3gmail-com\/\" class=\"fpg-author-link\">Yamix<\/span><\/a><\/span><\/li><li><span class=\"fpg-meta\"><i class=\"ri-pulse-fill\"><\/i> 161 Views<\/span><\/li><li><span class=\"fpg-meta\"><i class=\"ri-calendar-line\"><\/i> ao\u00fbt 27, 2026<\/span><\/li>            <\/ul>\n\t\t\t            <\/div>\n        <\/div>\n\t\n        <div class=\"fpg-card-style style-floating card-large\">\n\t\t\t                <div class=\"fpg-post-thumb\">\n\t\t\t\t\t                        <a href=\"https:\/\/voirfaso.com\/fr\/tourisme-a-oubri-les-acteurs-veulent-creer-une-federation-regionale\/\" class=\"image-link\">\n\t\t\t\t\t\t\t<img decoding=\"async\" width=\"900\" height=\"506\" src=\"https:\/\/voirfaso.com\/wp-content\/uploads\/2026\/08\/Les-acteurs-du-tourisme-de-Oubri-reunis-a-Ziniare.svg\" class=\"attachment-large size-large wp-post-image\" alt=\"Acteurs du tourisme r\u00e9unis en cadre de concertation \u00e0 Ziniar\u00e9\" \/>                        <\/a>\n\t\t\t\t\t<div class=\"thumb-overlay\"><\/div>                <\/div>\n\t\t\t            <div class=\"fpg-post-content\">\n\t\t\t\t                <div class=\"fpg-post-content-inner\">\n\t\t\t\t\t<div class=\"fpg-post-cat\">                            <a href=\"https:\/\/voirfaso.com\/fr\/category\/tourisme\/\"\n                               class=\"post-cat\"\n                               style=\"--catCurrentBgColor: #edb936;--catCurrentColor: #ffffff;\">\n\t\t\t\t\t\t\t\tTourisme                            <\/a>\n\t\t\t\t\t\t<\/div><h3 class=\"fpg-post-title\"><a href=\"https:\/\/voirfaso.com\/fr\/tourisme-a-oubri-les-acteurs-veulent-creer-une-federation-regionale\/\">Tourisme \u00e0 Oubri : les acteurs veulent cr\u00e9er une f\u00e9d\u00e9ration r\u00e9gionale<\/a><\/h3>                <\/div>\n\t\t\t\t            <ul class=\"fpg-post-meta\">\n\t\t\t\t<li><span class=\"fpg-meta\"> <span>Par <a href=\"https:\/\/voirfaso.com\/fr\/author\/mbinaha3gmail-com\/\" class=\"fpg-author-link\">Yamix<\/span><\/a><\/span><\/li><li><span class=\"fpg-meta\"><i class=\"ri-pulse-fill\"><\/i> 161 Views<\/span><\/li><li><span class=\"fpg-meta\"><i class=\"ri-calendar-line\"><\/i> ao\u00fbt 29, 2026<\/span><\/li>            <\/ul>\n\t\t\t            <\/div>\n        <\/div>\n\t\n<div class=\"fpg-card-style style-two\">\n            <div class=\"fpg-post-thumb\">\n                            <a href=\"https:\/\/voirfaso.com\/fr\/le-ranch-de-gibier-de-nazinga-le-sanctuaire-des-elephants\/\" class=\"image-link\">\n                    <img decoding=\"async\" width=\"1\" height=\"1\" src=\"https:\/\/voirfaso.com\/wp-content\/uploads\/2026\/08\/African-elephants-savanna-pond-sunset-.svg\" class=\"attachment-thumbnail size-thumbnail wp-post-image\" alt=\"Un grand \u00e9l\u00e9phant d&#039;Afrique marchant pr\u00e8s d&#039;un point d&#039;eau dans la savane au coucher du soleil.\" \/>                <\/a>\n            \n\t                <\/div>\n        <div class=\"fpg-post-content\">\n                <div class=\"fpg-post-content-inner\">\n            <div class=\"fpg-post-cat\">                            <a href=\"https:\/\/voirfaso.com\/fr\/category\/patrimoine-naturel\/\"\n                            class=\"post-cat\"\n                            style=\"--catCurrentBgColor: #00b5ed;--catCurrentColor: #ffffff;\">\n                                Patrimoine naturel                            <\/a>\n                        <\/div><h6 class=\"fpg-post-title\"><a href=\"https:\/\/voirfaso.com\/fr\/le-ranch-de-gibier-de-nazinga-le-sanctuaire-des-elephants\/\">Le Ranch de Gibier de Nazinga : Le sanctuaire des \u00e9l\u00e9phants<\/a><\/h6>        <\/div>\n            <ul class=\"fpg-post-meta\">\n        <li><span class=\"fpg-meta\"> <span>Par <a href=\"https:\/\/voirfaso.com\/fr\/author\/mbinaha3gmail-com\/\" class=\"fpg-author-link\">Yamix<\/a><\/span><\/span><\/li><li><span class=\"fpg-meta\"><i class=\"ri-pulse-fill\"><\/i> 157 Views<\/span><\/li>    <\/ul>\n        <\/div>\n<\/div>\n<div class=\"fpg-card-style style-two\">\n            <div class=\"fpg-post-thumb\">\n                            <a href=\"https:\/\/voirfaso.com\/fr\/tourisme-dans-le-guiriko-les-deputes-decouvrent-les-potentialites-et-les-defis-du-secteur\/\" class=\"image-link\">\n                    <img loading=\"lazy\" decoding=\"async\" width=\"150\" height=\"150\" src=\"https:\/\/voirfaso.com\/wp-content\/uploads\/2026\/08\/Site-ecotouristique-de-Samendeni-150x150.jpg\" class=\"attachment-thumbnail size-thumbnail wp-post-image\" alt=\"Site \u00e9cotouristique de Samend\u00e9ni dans le Guiriko\" srcset=\"https:\/\/voirfaso.com\/wp-content\/uploads\/2026\/08\/Site-ecotouristique-de-Samendeni-150x150.jpg 150w, https:\/\/voirfaso.com\/wp-content\/uploads\/2026\/08\/Site-ecotouristique-de-Samendeni-300x300.jpg 300w\" sizes=\"(max-width: 150px) 100vw, 150px\" \/>                <\/a>\n            \n\t                <\/div>\n        <div class=\"fpg-post-content\">\n                <div class=\"fpg-post-content-inner\">\n            <div class=\"fpg-post-cat\">                            <a href=\"https:\/\/voirfaso.com\/fr\/category\/tourisme\/\"\n                            class=\"post-cat\"\n                            style=\"--catCurrentBgColor: #edb936;--catCurrentColor: #ffffff;\">\n                                Tourisme                            <\/a>\n                        <\/div><h6 class=\"fpg-post-title\"><a href=\"https:\/\/voirfaso.com\/fr\/tourisme-dans-le-guiriko-les-deputes-decouvrent-les-potentialites-et-les-defis-du-secteur\/\">Tourisme dans le Guiriko : les d\u00e9put\u00e9s d\u00e9couvrent les potentialit\u00e9s et les d\u00e9fis du secteur<\/a><\/h6>        <\/div>\n            <ul class=\"fpg-post-meta\">\n        <li><span class=\"fpg-meta\"> <span>Par <a href=\"https:\/\/voirfaso.com\/fr\/author\/mbinaha3gmail-com\/\" class=\"fpg-author-link\">Yamix<\/a><\/span><\/span><\/li><li><span class=\"fpg-meta\"><i class=\"ri-pulse-fill\"><\/i> 153 Views<\/span><\/li>    <\/ul>\n        <\/div>\n<\/div>\n<div class=\"fpg-card-style style-two\">\n            <div class=\"fpg-post-thumb\">\n                            <a href=\"https:\/\/voirfaso.com\/fr\/sitho-2026-le-burkina-faso-fait-du-financement-des-projets-structurants-une-priorite-pour-le-tourisme\/\" class=\"image-link\">\n                    <img loading=\"lazy\" decoding=\"async\" width=\"150\" height=\"84\" src=\"https:\/\/voirfaso.com\/wp-content\/uploads\/2025\/10\/Conference-de-presse-de-lancement-du-SITHO-2026.svg\" class=\"attachment-thumbnail size-thumbnail wp-post-image\" alt=\"Les responsables du SITHO 2026 lors de la conf\u00e9rence de presse de pr\u00e9sentation de l\u2019\u00e9v\u00e9nement \u00e0 Ouagadougou.\" \/>                <\/a>\n            \n\t                <\/div>\n        <div class=\"fpg-post-content\">\n                <div class=\"fpg-post-content-inner\">\n            <div class=\"fpg-post-cat\">                            <a href=\"https:\/\/voirfaso.com\/fr\/category\/tourisme\/\"\n                            class=\"post-cat\"\n                            style=\"--catCurrentBgColor: #edb936;--catCurrentColor: #ffffff;\">\n                                Tourisme                            <\/a>\n                        <\/div><h6 class=\"fpg-post-title\"><a href=\"https:\/\/voirfaso.com\/fr\/sitho-2026-le-burkina-faso-fait-du-financement-des-projets-structurants-une-priorite-pour-le-tourisme\/\">SITHO 2026 : le Burkina Faso fait du financement des projets structurants une priorit\u00e9 pour le tourisme<\/a><\/h6>        <\/div>\n            <ul class=\"fpg-post-meta\">\n        <li><span class=\"fpg-meta\"> <span>Par <a href=\"https:\/\/voirfaso.com\/fr\/author\/mbinaha3gmail-com\/\" class=\"fpg-author-link\">Yamix<\/a><\/span><\/span><\/li><li><span class=\"fpg-meta\"><i class=\"ri-pulse-fill\"><\/i> 148 Views<\/span><\/li>    <\/ul>\n        <\/div>\n<\/div>        <\/div>\n\t\t\n\t\t\t\t\t<\/div>\n\t\t\t\t<\/div>\n\t\t\t\t<\/div>\n\t\t\t\t\t<\/div>\n\t\t\t\t<\/div>\n\t\t<div class=\"elementor-element elementor-element-fcaac95 e-con e-atomic-element e-flexbox-base e-338e8bb\" data-id=\"fcaac95\" data-element_type=\"e-flexbox\" data-e-type=\"e-flexbox\" data-interaction-id=\"fcaac95\">\n    <div class=\"elementor-element elementor-element-22b0565 e-con e-atomic-element e-flexbox-base e-22b0565-3d1003b\" data-id=\"22b0565\" data-element_type=\"e-flexbox\" data-e-type=\"e-flexbox\" data-interaction-id=\"22b0565\">\n    <div class=\"elementor-element elementor-element-09703c8 e-con-full e-flex e-con e-child\" data-id=\"09703c8\" data-element_type=\"container\" data-e-type=\"container\">\n\t\t\t\t<div class=\"elementor-element elementor-element-d18a699 elementor-widget elementor-widget-image\" data-id=\"d18a699\" data-element_type=\"widget\" data-e-type=\"widget\" data-widget_type=\"image.default\">\n\t\t\t\t\t\t\t\t\t\t\t\t\t\t\t<img loading=\"lazy\" decoding=\"async\" width=\"1430\" height=\"236\" src=\"https:\/\/voirfaso.com\/wp-content\/uploads\/2026\/08\/Banniere-Linkedin-professionnelle-nouveau-site-internet-vert-1430-x-236-px.svg\" class=\"attachment-full size-full wp-image-8300\" alt=\"\" \/>\t\t\t\t\t\t\t\t\t\t\t\t\t\t\t<\/div>\n\t\t\t\t<\/div>\n\t\t\n<\/div>\n\n<\/div>\n<div class=\"elementor-element elementor-element-4373cc4 e-con e-atomic-element e-flexbox-base e-08ff047\" data-id=\"4373cc4\" data-element_type=\"e-flexbox\" data-e-type=\"e-flexbox\" data-interaction-id=\"4373cc4\">\n    <div class=\"elementor-element elementor-element-5114729 e-flex e-con-boxed e-con e-parent\" data-id=\"5114729\" data-element_type=\"container\" data-e-type=\"container\">\n\t\t\t\t\t<div class=\"e-con-inner\">\n\t\t<div class=\"elementor-element elementor-element-d9fc1bb e-con-full e-flex e-con e-child\" data-id=\"d9fc1bb\" data-element_type=\"container\" data-e-type=\"container\">\n\t\t<div class=\"elementor-element elementor-element-745d70d e-con-full e-flex e-con e-child\" data-id=\"745d70d\" data-element_type=\"container\" data-e-type=\"container\">\n\t\t\t\t<div class=\"elementor-element elementor-element-b74c58b elementor-widget elementor-widget-heading\" data-id=\"b74c58b\" data-element_type=\"widget\" data-e-type=\"widget\" data-widget_type=\"heading.default\">\n\t\t\t\t\t<h2 class=\"elementor-heading-title elementor-size-default\">\u00c0 la une<\/h2>\t\t\t\t<\/div>\n\t\t\t\t<div class=\"elementor-element elementor-element-9996176 elementor-hidden-tablet_extra elementor-hidden-tablet elementor-hidden-mobile elementor-widget elementor-widget-fpg-button\" data-id=\"9996176\" data-element_type=\"widget\" data-e-type=\"widget\" data-widget_type=\"fpg-button.default\">\n\t\t\t\t<div class=\"elementor-widget-container\">\n\t\t\t\t\t        <a class=\"rs-button style-default icon-anim-flip-right text-anim-flip-top\">\n\t\t\t                <span class=\"button-icon\">\n                    <svg xmlns=\"http:\/\/www.w3.org\/2000\/svg\" viewbox=\"0 0 18 12\"><path fill-rule=\"evenodd\" clip-rule=\"evenodd\" d=\"M16.2079 5.0991C14.0115 5.0991 12.0097 3.0991 12.0097 0.900901V0H10.2079V0.900901C10.2079 2.4991 10.9088 3.9982 12.0088 5.0991H0.892578V6.9009H12.0088C10.9088 8.0018 10.2079 9.5009 10.2079 11.0991V12H12.0097V11.0991C12.0097 8.9018 14.0115 6.9009 16.2079 6.9009H17.1088V5.0991H16.2079Z\"><\/path><\/svg><svg xmlns=\"http:\/\/www.w3.org\/2000\/svg\" viewbox=\"0 0 18 12\"><path fill-rule=\"evenodd\" clip-rule=\"evenodd\" d=\"M16.2079 5.0991C14.0115 5.0991 12.0097 3.0991 12.0097 0.900901V0H10.2079V0.900901C10.2079 2.4991 10.9088 3.9982 12.0088 5.0991H0.892578V6.9009H12.0088C10.9088 8.0018 10.2079 9.5009 10.2079 11.0991V12H12.0097V11.0991C12.0097 8.9018 14.0115 6.9009 16.2079 6.9009H17.1088V5.0991H16.2079Z\"><\/path><\/svg>                <\/span>\n\t\t\t\t\t\t                <span class=\"button-text\" data-text=\"Tout afficher\">\n                    Tout afficher                <\/span>\n\t\t\t        <\/a>\n\t\t\t\t\t\t<\/div>\n\t\t\t\t<\/div>\n\t\t\t\t<\/div>\n\t\t<div class=\"elementor-element elementor-element-dc1307a e-con-full e-flex e-con e-child\" data-id=\"dc1307a\" data-element_type=\"container\" data-e-type=\"container\">\n\t\t<div class=\"elementor-element elementor-element-d0ce899 e-con-full e-flex e-con e-child\" data-id=\"d0ce899\" data-element_type=\"container\" data-e-type=\"container\">\n\t\t\t\t<div class=\"elementor-element elementor-element-c2f637b elementor-widget elementor-widget-fpg-post-grid\" data-id=\"c2f637b\" data-element_type=\"widget\" data-e-type=\"widget\" data-settings=\"{&quot;thumbnail_type&quot;:&quot;image&quot;}\" data-widget_type=\"fpg-post-grid.default\">\n\t\t\t\t<div class=\"elementor-widget-container\">\n\t\t\t\t\t\n        <div class=\"fpg-post-parent\">\n            <div class=\"fpg-post-grid fpg-ajax\" data-settings=\"{&quot;query_arg&quot;:{&quot;post_type&quot;:&quot;post&quot;,&quot;post_status&quot;:&quot;publish&quot;,&quot;posts_per_page&quot;:&quot;10&quot;,&quot;orderby&quot;:&quot;date&quot;,&quot;order&quot;:&quot;desc&quot;,&quot;paged&quot;:1,&quot;post_per_click&quot;:&quot;2&quot;},&quot;el_settings&quot;:{&quot;id&quot;:&quot;id_c2f637b&quot;,&quot;style&quot;:&quot;floating&quot;,&quot;show_post_thumbnail&quot;:&quot;yes&quot;,&quot;thumbnail_size&quot;:&quot;medium_large&quot;,&quot;thumbnail_type&quot;:&quot;image&quot;,&quot;show_thumbnail_overlay&quot;:&quot;yes&quot;,&quot;show_post_categories&quot;:&quot;yes&quot;,&quot;show_post_title&quot;:&quot;yes&quot;,&quot;title_tag&quot;:&quot;h4&quot;,&quot;title_length&quot;:&quot;&quot;,&quot;title_length_double_dot&quot;:null,&quot;title_hover_underline&quot;:&quot;no&quot;,&quot;show_post_desc&quot;:&quot;&quot;,&quot;post_desc_word&quot;:null,&quot;meta_appearance&quot;:&quot;&quot;,&quot;show_meta_data&quot;:&quot;yes&quot;,&quot;meta_separator&quot;:null,&quot;show_meta_data_icon&quot;:&quot;yes&quot;,&quot;show_post_author&quot;:&quot;yes&quot;,&quot;author_icon_visibility&quot;:&quot;&quot;,&quot;author_image_icon&quot;:null,&quot;author_prefix&quot;:&quot;By&quot;,&quot;show_post_views&quot;:&quot;yes&quot;,&quot;show_post_views_icon&quot;:&quot;yes&quot;,&quot;show_post_tags&quot;:&quot;no&quot;,&quot;show_post_tags_icon&quot;:null,&quot;show_comments_count&quot;:&quot;no&quot;,&quot;show_comments_count_icon&quot;:null,&quot;show_post_date&quot;:&quot;yes&quot;,&quot;show_post_date_icon&quot;:&quot;yes&quot;,&quot;show_button&quot;:&quot;no&quot;,&quot;btn_text&quot;:null,&quot;show_button_icon&quot;:null,&quot;btn_icon&quot;:null,&quot;enable_bookmark&quot;:&quot;no&quot;,&quot;bookmark_position&quot;:null,&quot;bookmark_display&quot;:null,&quot;bookmark_text_default&quot;:null,&quot;bookmark_text_active&quot;:null}}\">\n\t\t\t\t\n<div class=\"fpg-card-style style-floating\">\n\t        <div class=\"fpg-post-thumb\">\n\t\t\t                <a href=\"https:\/\/voirfaso.com\/fr\/transports-au-burkina-la-dgttm-elargit-la-concertation-aux-acteurs-du-guiriko\/\" class=\"image-link\">\n\t\t\t\t\t<img loading=\"lazy\" decoding=\"async\" width=\"768\" height=\"356\" src=\"https:\/\/voirfaso.com\/wp-content\/uploads\/2026\/09\/La-DGTTM-ouvre-une-nouvelle-session-de-concertation-a-Bobo-Dioulasso-768x356.jpg\" class=\"attachment-medium_large size-medium_large wp-post-image\" alt=\"Cadre de concertation entre la DGTTM et les acteurs du transport \u00e0 Bobo-Dioulasso\" srcset=\"https:\/\/voirfaso.com\/wp-content\/uploads\/2026\/09\/La-DGTTM-ouvre-une-nouvelle-session-de-concertation-a-Bobo-Dioulasso-768x356.jpg 768w, https:\/\/voirfaso.com\/wp-content\/uploads\/2026\/09\/La-DGTTM-ouvre-une-nouvelle-session-de-concertation-a-Bobo-Dioulasso-300x139.jpg 300w, https:\/\/voirfaso.com\/wp-content\/uploads\/2026\/09\/La-DGTTM-ouvre-une-nouvelle-session-de-concertation-a-Bobo-Dioulasso-1024x475.jpg 1024w, https:\/\/voirfaso.com\/wp-content\/uploads\/2026\/09\/La-DGTTM-ouvre-une-nouvelle-session-de-concertation-a-Bobo-Dioulasso-18x8.jpg 18w, https:\/\/voirfaso.com\/wp-content\/uploads\/2026\/09\/La-DGTTM-ouvre-une-nouvelle-session-de-concertation-a-Bobo-Dioulasso-600x278.jpg 600w, https:\/\/voirfaso.com\/wp-content\/uploads\/2026\/09\/La-DGTTM-ouvre-une-nouvelle-session-de-concertation-a-Bobo-Dioulasso.jpg 1280w\" sizes=\"(max-width: 768px) 100vw, 768px\" \/>                <\/a>\n\t\t\t<div class=\"thumb-overlay\"><\/div>\t\t\t        <\/div>\n\t    <div class=\"fpg-post-content\">\n\t\t        <div class=\"fpg-post-content-inner\">\n\t\t\t<div class=\"fpg-post-cat\">                    <a href=\"https:\/\/voirfaso.com\/fr\/category\/transport-mobilite\/\"\n                       class=\"post-cat\"\n                       style=\"--catCurrentBgColor: #01a80c;--catCurrentColor: #ffffff;\">\n\t\t\t\t\t\tTransport &amp; Mobilit\u00e9                    <\/a>\n\t\t\t\t<\/div><h4 class=\"fpg-post-title\"><a href=\"https:\/\/voirfaso.com\/fr\/transports-au-burkina-la-dgttm-elargit-la-concertation-aux-acteurs-du-guiriko\/\">Transports au Burkina : la DGTTM \u00e9largit la concertation aux acteurs du Guiriko<\/a><\/h4>        <\/div>\n\t\t    <ul class=\"fpg-post-meta\">\n\t\t<li><span class=\"fpg-meta\"> <span>Par <a href=\"https:\/\/voirfaso.com\/fr\/author\/mbinaha3gmail-com\/\" class=\"fpg-author-link\">Yamix<\/a><\/span><\/span><\/li><li><span class=\"fpg-meta\"><i class=\"ri-pulse-fill\"><\/i> 82 Views<\/span><\/li><li><span class=\"fpg-meta\"><i class=\"ri-calendar-line\"><\/i> septembre 1, 2026<\/span><\/li>    <\/ul>\n\t    <\/div>\n<\/div>\n<div class=\"fpg-card-style style-floating\">\n\t        <div class=\"fpg-post-thumb\">\n\t\t\t                <a href=\"https:\/\/voirfaso.com\/fr\/froid-et-climatisation-le-burkina-prepare-un-systeme-national-de-certification-des-techniciens\/\" class=\"image-link\">\n\t\t\t\t\t<img loading=\"lazy\" decoding=\"async\" width=\"768\" height=\"464\" src=\"https:\/\/voirfaso.com\/wp-content\/uploads\/2026\/08\/Techniciens-du-froid-768x464.jpg\" class=\"attachment-medium_large size-medium_large wp-post-image\" alt=\"Techniciens en formation dans le secteur de la r\u00e9frig\u00e9ration et de la climatisation au Burkina Faso\" srcset=\"https:\/\/voirfaso.com\/wp-content\/uploads\/2026\/08\/Techniciens-du-froid-768x464.jpg 768w, https:\/\/voirfaso.com\/wp-content\/uploads\/2026\/08\/Techniciens-du-froid-300x181.jpg 300w, https:\/\/voirfaso.com\/wp-content\/uploads\/2026\/08\/Techniciens-du-froid-1024x618.jpg 1024w, https:\/\/voirfaso.com\/wp-content\/uploads\/2026\/08\/Techniciens-du-froid-18x12.jpg 18w, https:\/\/voirfaso.com\/wp-content\/uploads\/2026\/08\/Techniciens-du-froid-600x362.jpg 600w, https:\/\/voirfaso.com\/wp-content\/uploads\/2026\/08\/Techniciens-du-froid.jpg 1032w\" sizes=\"(max-width: 768px) 100vw, 768px\" \/>                <\/a>\n\t\t\t<div class=\"thumb-overlay\"><\/div>\t\t\t        <\/div>\n\t    <div class=\"fpg-post-content\">\n\t\t        <div class=\"fpg-post-content-inner\">\n\t\t\t<div class=\"fpg-post-cat\">                    <a href=\"https:\/\/voirfaso.com\/fr\/category\/environnement\/\"\n                       class=\"post-cat\"\n                       style=\"--catCurrentBgColor: #81d742;--catCurrentColor: #ffffff;\">\n\t\t\t\t\t\tEnvironnement                    <\/a>\n\t\t\t\t<\/div><h4 class=\"fpg-post-title\"><a href=\"https:\/\/voirfaso.com\/fr\/froid-et-climatisation-le-burkina-prepare-un-systeme-national-de-certification-des-techniciens\/\">Froid et climatisation : le Burkina pr\u00e9pare un syst\u00e8me national de certification des techniciens<\/a><\/h4>        <\/div>\n\t\t    <ul class=\"fpg-post-meta\">\n\t\t<li><span class=\"fpg-meta\"> <span>Par <a href=\"https:\/\/voirfaso.com\/fr\/author\/mbinaha3gmail-com\/\" class=\"fpg-author-link\">Yamix<\/a><\/span><\/span><\/li><li><span class=\"fpg-meta\"><i class=\"ri-pulse-fill\"><\/i> 94 Views<\/span><\/li><li><span class=\"fpg-meta\"><i class=\"ri-calendar-line\"><\/i> ao\u00fbt 30, 2026<\/span><\/li>    <\/ul>\n\t    <\/div>\n<\/div>\n<div class=\"fpg-card-style style-floating\">\n\t        <div class=\"fpg-post-thumb\">\n\t\t\t                <a href=\"https:\/\/voirfaso.com\/fr\/tourisme-a-oubri-les-acteurs-veulent-creer-une-federation-regionale\/\" class=\"image-link\">\n\t\t\t\t\t<img loading=\"lazy\" decoding=\"async\" width=\"768\" height=\"432\" src=\"https:\/\/voirfaso.com\/wp-content\/uploads\/2026\/08\/Les-acteurs-du-tourisme-de-Oubri-reunis-a-Ziniare.svg\" class=\"attachment-medium_large size-medium_large wp-post-image\" alt=\"Acteurs du tourisme r\u00e9unis en cadre de concertation \u00e0 Ziniar\u00e9\" \/>                <\/a>\n\t\t\t<div class=\"thumb-overlay\"><\/div>\t\t\t        <\/div>\n\t    <div class=\"fpg-post-content\">\n\t\t        <div class=\"fpg-post-content-inner\">\n\t\t\t<div class=\"fpg-post-cat\">                    <a href=\"https:\/\/voirfaso.com\/fr\/category\/tourisme\/\"\n                       class=\"post-cat\"\n                       style=\"--catCurrentBgColor: #edb936;--catCurrentColor: #ffffff;\">\n\t\t\t\t\t\tTourisme                    <\/a>\n\t\t\t\t<\/div><h4 class=\"fpg-post-title\"><a href=\"https:\/\/voirfaso.com\/fr\/tourisme-a-oubri-les-acteurs-veulent-creer-une-federation-regionale\/\">Tourisme \u00e0 Oubri : les acteurs veulent cr\u00e9er une f\u00e9d\u00e9ration r\u00e9gionale<\/a><\/h4>        <\/div>\n\t\t    <ul class=\"fpg-post-meta\">\n\t\t<li><span class=\"fpg-meta\"> <span>Par <a href=\"https:\/\/voirfaso.com\/fr\/author\/mbinaha3gmail-com\/\" class=\"fpg-author-link\">Yamix<\/a><\/span><\/span><\/li><li><span class=\"fpg-meta\"><i class=\"ri-pulse-fill\"><\/i> 161 Views<\/span><\/li><li><span class=\"fpg-meta\"><i class=\"ri-calendar-line\"><\/i> ao\u00fbt 29, 2026<\/span><\/li>    <\/ul>\n\t    <\/div>\n<\/div>\n<div class=\"fpg-card-style style-floating\">\n\t        <div class=\"fpg-post-thumb\">\n\t\t\t                <a href=\"https:\/\/voirfaso.com\/fr\/transport-routier-au-burkina-apres-les-sanctions-du-gouvernement-la-fenat-appelle-au-retour-aux-anciens-tarifs\/\" class=\"image-link\">\n\t\t\t\t\t<img loading=\"lazy\" decoding=\"async\" width=\"768\" height=\"432\" src=\"https:\/\/voirfaso.com\/wp-content\/uploads\/2026\/08\/Bus-de-transport.svg\" class=\"attachment-medium_large size-medium_large wp-post-image\" alt=\"\" \/>                <\/a>\n\t\t\t<div class=\"thumb-overlay\"><\/div>\t\t\t        <\/div>\n\t    <div class=\"fpg-post-content\">\n\t\t        <div class=\"fpg-post-content-inner\">\n\t\t\t<div class=\"fpg-post-cat\">                    <a href=\"https:\/\/voirfaso.com\/fr\/category\/transport-mobilite\/\"\n                       class=\"post-cat\"\n                       style=\"--catCurrentBgColor: #01a80c;--catCurrentColor: #ffffff;\">\n\t\t\t\t\t\tTransport &amp; Mobilit\u00e9                    <\/a>\n\t\t\t\t<\/div><h4 class=\"fpg-post-title\"><a href=\"https:\/\/voirfaso.com\/fr\/transport-routier-au-burkina-apres-les-sanctions-du-gouvernement-la-fenat-appelle-au-retour-aux-anciens-tarifs\/\">Transport routier au Burkina : apr\u00e8s les sanctions du gouvernement, la FENAT appelle au retour aux anciens tarifs<\/a><\/h4>        <\/div>\n\t\t    <ul class=\"fpg-post-meta\">\n\t\t<li><span class=\"fpg-meta\"> <span>Par <a href=\"https:\/\/voirfaso.com\/fr\/author\/mbinaha3gmail-com\/\" class=\"fpg-author-link\">Yamix<\/a><\/span><\/span><\/li><li><span class=\"fpg-meta\"><i class=\"ri-pulse-fill\"><\/i> 79 Views<\/span><\/li><li><span class=\"fpg-meta\"><i class=\"ri-calendar-line\"><\/i> ao\u00fbt 29, 2026<\/span><\/li>    <\/ul>\n\t    <\/div>\n<\/div>\n<div class=\"fpg-card-style style-floating\">\n\t        <div class=\"fpg-post-thumb\">\n\t\t\t                <a href=\"https:\/\/voirfaso.com\/fr\/medias-en-langues-nationales-la-dgcm-renforce-les-capacites-de-90-acteurs-a-dedougou\/\" class=\"image-link\">\n\t\t\t\t\t<img loading=\"lazy\" decoding=\"async\" width=\"768\" height=\"432\" src=\"https:\/\/voirfaso.com\/wp-content\/uploads\/2026\/08\/La-DGCM-renforce-les-capacites-des-medias-en-langues-nationales-a-Dedougou.svg\" class=\"attachment-medium_large size-medium_large wp-post-image\" alt=\"Session de formation des journalistes en langues nationales \u00e0 D\u00e9dougou\" \/>                <\/a>\n\t\t\t<div class=\"thumb-overlay\"><\/div>\t\t\t        <\/div>\n\t    <div class=\"fpg-post-content\">\n\t\t        <div class=\"fpg-post-content-inner\">\n\t\t\t<div class=\"fpg-post-cat\">                    <a href=\"https:\/\/voirfaso.com\/fr\/category\/culture-patrimoine\/\"\n                       class=\"post-cat\"\n                       style=\"--catCurrentBgColor: #a51f18;--catCurrentColor: #ffffff;\">\n\t\t\t\t\t\tCulture &amp; Patrimoine                    <\/a>\n\t\t\t\t<\/div><h4 class=\"fpg-post-title\"><a href=\"https:\/\/voirfaso.com\/fr\/medias-en-langues-nationales-la-dgcm-renforce-les-capacites-de-90-acteurs-a-dedougou\/\">M\u00e9dias en langues nationales : la DGCM renforce les capacit\u00e9s de 90 acteurs \u00e0 D\u00e9dougou<\/a><\/h4>        <\/div>\n\t\t    <ul class=\"fpg-post-meta\">\n\t\t<li><span class=\"fpg-meta\"> <span>Par <a href=\"https:\/\/voirfaso.com\/fr\/author\/mbinaha3gmail-com\/\" class=\"fpg-author-link\">Yamix<\/a><\/span><\/span><\/li><li><span class=\"fpg-meta\"><i class=\"ri-pulse-fill\"><\/i> 49 Views<\/span><\/li><li><span class=\"fpg-meta\"><i class=\"ri-calendar-line\"><\/i> ao\u00fbt 27, 2026<\/span><\/li>    <\/ul>\n\t    <\/div>\n<\/div>\n<div class=\"fpg-card-style style-floating\">\n\t        <div class=\"fpg-post-thumb\">\n\t\t\t                <a href=\"https:\/\/voirfaso.com\/fr\/compte-satellite-du-tourisme-le-burkina-avance-dans-la-mesure-du-poids-economique-du-tourisme\/\" class=\"image-link\">\n\t\t\t\t\t<img loading=\"lazy\" decoding=\"async\" width=\"768\" height=\"576\" src=\"https:\/\/voirfaso.com\/wp-content\/uploads\/2026\/08\/Le-Burkina-avance-dans-la-mise-en-place-du-Compte-satellite-du-tourisme-768x576.jpg\" class=\"attachment-medium_large size-medium_large wp-post-image\" alt=\"Atelier technique sur le Compte satellite du tourisme \u00e0 Koudougou\" srcset=\"https:\/\/voirfaso.com\/wp-content\/uploads\/2026\/08\/Le-Burkina-avance-dans-la-mise-en-place-du-Compte-satellite-du-tourisme-768x576.jpg 768w, https:\/\/voirfaso.com\/wp-content\/uploads\/2026\/08\/Le-Burkina-avance-dans-la-mise-en-place-du-Compte-satellite-du-tourisme-300x225.jpg 300w, https:\/\/voirfaso.com\/wp-content\/uploads\/2026\/08\/Le-Burkina-avance-dans-la-mise-en-place-du-Compte-satellite-du-tourisme-1024x768.jpg 1024w, https:\/\/voirfaso.com\/wp-content\/uploads\/2026\/08\/Le-Burkina-avance-dans-la-mise-en-place-du-Compte-satellite-du-tourisme-16x12.jpg 16w, https:\/\/voirfaso.com\/wp-content\/uploads\/2026\/08\/Le-Burkina-avance-dans-la-mise-en-place-du-Compte-satellite-du-tourisme-600x450.jpg 600w, https:\/\/voirfaso.com\/wp-content\/uploads\/2026\/08\/Le-Burkina-avance-dans-la-mise-en-place-du-Compte-satellite-du-tourisme.jpg 1280w\" sizes=\"(max-width: 768px) 100vw, 768px\" \/>                <\/a>\n\t\t\t<div class=\"thumb-overlay\"><\/div>\t\t\t        <\/div>\n\t    <div class=\"fpg-post-content\">\n\t\t        <div class=\"fpg-post-content-inner\">\n\t\t\t<div class=\"fpg-post-cat\">                    <a href=\"https:\/\/voirfaso.com\/fr\/category\/tourisme\/\"\n                       class=\"post-cat\"\n                       style=\"--catCurrentBgColor: #edb936;--catCurrentColor: #ffffff;\">\n\t\t\t\t\t\tTourisme                    <\/a>\n\t\t\t\t<\/div><h4 class=\"fpg-post-title\"><a href=\"https:\/\/voirfaso.com\/fr\/compte-satellite-du-tourisme-le-burkina-avance-dans-la-mesure-du-poids-economique-du-tourisme\/\">Compte satellite du tourisme : le Burkina avance dans la mesure du poids \u00e9conomique du tourisme<\/a><\/h4>        <\/div>\n\t\t    <ul class=\"fpg-post-meta\">\n\t\t<li><span class=\"fpg-meta\"> <span>Par <a href=\"https:\/\/voirfaso.com\/fr\/author\/mbinaha3gmail-com\/\" class=\"fpg-author-link\">Yamix<\/a><\/span><\/span><\/li><li><span class=\"fpg-meta\"><i class=\"ri-pulse-fill\"><\/i> 161 Views<\/span><\/li><li><span class=\"fpg-meta\"><i class=\"ri-calendar-line\"><\/i> ao\u00fbt 27, 2026<\/span><\/li>    <\/ul>\n\t    <\/div>\n<\/div>\n<div class=\"fpg-card-style style-floating\">\n\t        <div class=\"fpg-post-thumb\">\n\t\t\t                <a href=\"https:\/\/voirfaso.com\/fr\/fret-malien-a-abidjan-des-transporteurs-burkinabe-sollicites-pour-accelerer-levacuation\/\" class=\"image-link\">\n\t\t\t\t\t<img loading=\"lazy\" decoding=\"async\" width=\"768\" height=\"432\" src=\"https:\/\/voirfaso.com\/wp-content\/uploads\/2026\/08\/Fret-malien-le-CBC-echange-avec-une-delegation-malienne.svg\" class=\"attachment-medium_large size-medium_large wp-post-image\" alt=\"Rencontre entre le CBC et une d\u00e9l\u00e9gation malienne \u00e0 Ouagadougou\" \/>                <\/a>\n\t\t\t<div class=\"thumb-overlay\"><\/div>\t\t\t        <\/div>\n\t    <div class=\"fpg-post-content\">\n\t\t        <div class=\"fpg-post-content-inner\">\n\t\t\t<div class=\"fpg-post-cat\">                    <a href=\"https:\/\/voirfaso.com\/fr\/category\/transport-mobilite\/\"\n                       class=\"post-cat\"\n                       style=\"--catCurrentBgColor: #01a80c;--catCurrentColor: #ffffff;\">\n\t\t\t\t\t\tTransport &amp; Mobilit\u00e9                    <\/a>\n\t\t\t\t<\/div><h4 class=\"fpg-post-title\"><a href=\"https:\/\/voirfaso.com\/fr\/fret-malien-a-abidjan-des-transporteurs-burkinabe-sollicites-pour-accelerer-levacuation\/\">Fret malien \u00e0 Abidjan : des transporteurs burkinab\u00e8 sollicit\u00e9s pour acc\u00e9l\u00e9rer l\u2019\u00e9vacuation<\/a><\/h4>        <\/div>\n\t\t    <ul class=\"fpg-post-meta\">\n\t\t<li><span class=\"fpg-meta\"> <span>Par <a href=\"https:\/\/voirfaso.com\/fr\/author\/mbinaha3gmail-com\/\" class=\"fpg-author-link\">Yamix<\/a><\/span><\/span><\/li><li><span class=\"fpg-meta\"><i class=\"ri-pulse-fill\"><\/i> 66 Views<\/span><\/li><li><span class=\"fpg-meta\"><i class=\"ri-calendar-line\"><\/i> ao\u00fbt 25, 2026<\/span><\/li>    <\/ul>\n\t    <\/div>\n<\/div>\n<div class=\"fpg-card-style style-floating\">\n\t        <div class=\"fpg-post-thumb\">\n\t\t\t                <a href=\"https:\/\/voirfaso.com\/fr\/tourisme-dans-le-guiriko-les-deputes-decouvrent-les-potentialites-et-les-defis-du-secteur\/\" class=\"image-link\">\n\t\t\t\t\t<img loading=\"lazy\" decoding=\"async\" width=\"768\" height=\"511\" src=\"https:\/\/voirfaso.com\/wp-content\/uploads\/2026\/08\/Site-ecotouristique-de-Samendeni-768x511.jpg\" class=\"attachment-medium_large size-medium_large wp-post-image\" alt=\"Site \u00e9cotouristique de Samend\u00e9ni dans le Guiriko\" srcset=\"https:\/\/voirfaso.com\/wp-content\/uploads\/2026\/08\/Site-ecotouristique-de-Samendeni-768x511.jpg 768w, https:\/\/voirfaso.com\/wp-content\/uploads\/2026\/08\/Site-ecotouristique-de-Samendeni-300x200.jpg 300w, https:\/\/voirfaso.com\/wp-content\/uploads\/2026\/08\/Site-ecotouristique-de-Samendeni-1024x682.jpg 1024w, https:\/\/voirfaso.com\/wp-content\/uploads\/2026\/08\/Site-ecotouristique-de-Samendeni-18x12.jpg 18w, https:\/\/voirfaso.com\/wp-content\/uploads\/2026\/08\/Site-ecotouristique-de-Samendeni-600x399.jpg 600w, https:\/\/voirfaso.com\/wp-content\/uploads\/2026\/08\/Site-ecotouristique-de-Samendeni.jpg 1280w\" sizes=\"(max-width: 768px) 100vw, 768px\" \/>                <\/a>\n\t\t\t<div class=\"thumb-overlay\"><\/div>\t\t\t        <\/div>\n\t    <div class=\"fpg-post-content\">\n\t\t        <div class=\"fpg-post-content-inner\">\n\t\t\t<div class=\"fpg-post-cat\">                    <a href=\"https:\/\/voirfaso.com\/fr\/category\/tourisme\/\"\n                       class=\"post-cat\"\n                       style=\"--catCurrentBgColor: #edb936;--catCurrentColor: #ffffff;\">\n\t\t\t\t\t\tTourisme                    <\/a>\n\t\t\t\t<\/div><h4 class=\"fpg-post-title\"><a href=\"https:\/\/voirfaso.com\/fr\/tourisme-dans-le-guiriko-les-deputes-decouvrent-les-potentialites-et-les-defis-du-secteur\/\">Tourisme dans le Guiriko : les d\u00e9put\u00e9s d\u00e9couvrent les potentialit\u00e9s et les d\u00e9fis du secteur<\/a><\/h4>        <\/div>\n\t\t    <ul class=\"fpg-post-meta\">\n\t\t<li><span class=\"fpg-meta\"> <span>Par <a href=\"https:\/\/voirfaso.com\/fr\/author\/mbinaha3gmail-com\/\" class=\"fpg-author-link\">Yamix<\/a><\/span><\/span><\/li><li><span class=\"fpg-meta\"><i class=\"ri-pulse-fill\"><\/i> 153 Views<\/span><\/li><li><span class=\"fpg-meta\"><i class=\"ri-calendar-line\"><\/i> ao\u00fbt 25, 2026<\/span><\/li>    <\/ul>\n\t    <\/div>\n<\/div>\n<div class=\"fpg-card-style style-floating\">\n\t        <div class=\"fpg-post-thumb\">\n\t\t\t                <a href=\"https:\/\/voirfaso.com\/fr\/a-yacouta-une-nouvelle-etape-pour-la-production-de-poisson\/\" class=\"image-link\">\n\t\t\t\t\t<img loading=\"lazy\" decoding=\"async\" width=\"768\" height=\"432\" src=\"https:\/\/voirfaso.com\/wp-content\/uploads\/2026\/08\/Photo-de-la-recolte-a-Yacouta.svg\" class=\"attachment-medium_large size-medium_large wp-post-image\" alt=\"Premi\u00e8re r\u00e9colte de poissons \u00e9lev\u00e9s dans des cages flottantes au barrage de Yacouta \u00e0 Dori\" \/>                <\/a>\n\t\t\t<div class=\"thumb-overlay\"><\/div>\t\t\t        <\/div>\n\t    <div class=\"fpg-post-content\">\n\t\t        <div class=\"fpg-post-content-inner\">\n\t\t\t<div class=\"fpg-post-cat\">                    <a href=\"https:\/\/voirfaso.com\/fr\/category\/ecotourisme\/\"\n                       class=\"post-cat\"\n                       style=\"--catCurrentBgColor: #388e3c;--catCurrentColor: #ffffff;\">\n\t\t\t\t\t\t\u00c9cotourisme                    <\/a>\n\t\t\t\t                    <a href=\"https:\/\/voirfaso.com\/fr\/category\/environnement\/\"\n                       class=\"post-cat\"\n                       style=\"--catCurrentBgColor: #81d742;--catCurrentColor: #ffffff;\">\n\t\t\t\t\t\tEnvironnement                    <\/a>\n\t\t\t\t<\/div><h4 class=\"fpg-post-title\"><a href=\"https:\/\/voirfaso.com\/fr\/a-yacouta-une-nouvelle-etape-pour-la-production-de-poisson\/\">\u00c0 Yacouta, une nouvelle \u00e9tape pour la production de poisson<\/a><\/h4>        <\/div>\n\t\t    <ul class=\"fpg-post-meta\">\n\t\t<li><span class=\"fpg-meta\"> <span>Par <a href=\"https:\/\/voirfaso.com\/fr\/author\/mbinaha3gmail-com\/\" class=\"fpg-author-link\">Yamix<\/a><\/span><\/span><\/li><li><span class=\"fpg-meta\"><i class=\"ri-pulse-fill\"><\/i> 38 Views<\/span><\/li><li><span class=\"fpg-meta\"><i class=\"ri-calendar-line\"><\/i> ao\u00fbt 24, 2026<\/span><\/li>    <\/ul>\n\t    <\/div>\n<\/div>\n<div class=\"fpg-card-style style-floating\">\n\t        <div class=\"fpg-post-thumb\">\n\t\t\t                <a href=\"https:\/\/voirfaso.com\/fr\/burkina-fasochine-les-deux-pays-veulent-renforcer-leur-cooperation-mediatique-a-travers-les-echanges-de-contenus-le-transfert-de-technologies-et-la-formation-des-professionnels-de-linformation-et-de-l\/\" class=\"image-link\">\n\t\t\t\t\t<img loading=\"lazy\" decoding=\"async\" width=\"768\" height=\"432\" src=\"https:\/\/voirfaso.com\/wp-content\/uploads\/2026\/08\/le-camarade-ministre-burkinabe-et-les-responsables-chinois-lors-des-echanges.svg\" class=\"attachment-medium_large size-medium_large wp-post-image\" alt=\"Ministre burkinab\u00e8 de la Communication Gilbert Ou\u00e9draogo lors d\u2019une rencontre avec des responsables chinois \u00e0 P\u00e9kin sur la coop\u00e9ration m\u00e9diatique.\" \/>                <\/a>\n\t\t\t<div class=\"thumb-overlay\"><\/div>\t\t\t        <\/div>\n\t    <div class=\"fpg-post-content\">\n\t\t        <div class=\"fpg-post-content-inner\">\n\t\t\t<div class=\"fpg-post-cat\">                    <a href=\"https:\/\/voirfaso.com\/fr\/category\/culture-patrimoine\/\"\n                       class=\"post-cat\"\n                       style=\"--catCurrentBgColor: #a51f18;--catCurrentColor: #ffffff;\">\n\t\t\t\t\t\tCulture &amp; Patrimoine                    <\/a>\n\t\t\t\t<\/div><h4 class=\"fpg-post-title\"><a href=\"https:\/\/voirfaso.com\/fr\/burkina-fasochine-les-deux-pays-veulent-renforcer-leur-cooperation-mediatique-a-travers-les-echanges-de-contenus-le-transfert-de-technologies-et-la-formation-des-professionnels-de-linformation-et-de-l\/\">Coop\u00e9ration m\u00e9diatique : le Burkina Faso et la Chine veulent renforcer les \u00e9changes de contenus, de technologies et de comp\u00e9tences<\/a><\/h4>        <\/div>\n\t\t    <ul class=\"fpg-post-meta\">\n\t\t<li><span class=\"fpg-meta\"> <span>Par <a href=\"https:\/\/voirfaso.com\/fr\/author\/mbinaha3gmail-com\/\" class=\"fpg-author-link\">Yamix<\/a><\/span><\/span><\/li><li><span class=\"fpg-meta\"><i class=\"ri-pulse-fill\"><\/i> 47 Views<\/span><\/li><li><span class=\"fpg-meta\"><i class=\"ri-calendar-line\"><\/i> ao\u00fbt 23, 2026<\/span><\/li>    <\/ul>\n\t    <\/div>\n<\/div>            <\/div>\n\n\t\t\t                    <div class=\"fpg-loadmore-wrapper\">\n                        <button class=\"fpg-loadmore-btn\">Charger plus <i class=\"ri-loop-left-line\"><\/i><\/button>\n                        <span class=\"fpg-load-complete-text\" style=\"display: none;\">\ud83e\udd70 C&#x27;est tout pour le moment !<\/span>\n                    <\/div>\n\t\t\t\t        <\/div>\n\t\t\t\t\t\t<\/div>\n\t\t\t\t<\/div>\n\t\t\t\t<\/div>\n\t\t<div class=\"elementor-element elementor-element-11a81d0 e-con-full e-flex e-con e-child\" data-id=\"11a81d0\" data-element_type=\"container\" data-e-type=\"container\" data-settings=\"{&quot;background_background&quot;:&quot;classic&quot;}\">\n\t\t<div class=\"elementor-element elementor-element-2988679 e-con-full e-flex e-con e-child\" data-id=\"2988679\" data-element_type=\"container\" data-e-type=\"container\" data-settings=\"{&quot;background_background&quot;:&quot;classic&quot;}\">\n\t\t\t\t<div class=\"elementor-element elementor-element-9a6ea84 elementor-widget elementor-widget-heading\" data-id=\"9a6ea84\" data-element_type=\"widget\" data-e-type=\"widget\" data-widget_type=\"heading.default\">\n\t\t\t\t\t<h4 class=\"elementor-heading-title elementor-size-default\">Actualit\u00e9s populaires<\/h4>\t\t\t\t<\/div>\n\t\t\t\t<div class=\"elementor-element elementor-element-41c9d5b elementor-widget elementor-widget-fpg-post-grid\" data-id=\"41c9d5b\" data-element_type=\"widget\" data-e-type=\"widget\" data-settings=\"{&quot;thumbnail_type&quot;:&quot;image&quot;}\" data-widget_type=\"fpg-post-grid.default\">\n\t\t\t\t<div class=\"elementor-widget-container\">\n\t\t\t\t\t\n        <div class=\"fpg-post-parent\">\n            <div class=\"fpg-post-grid\">\n\t\t\t\t\n<div class=\"fpg-card-style style-two\">\n\t    <div class=\"fpg-post-content\">\n\t\t        <div class=\"fpg-post-content-inner\">\n\t\t\t<h6 class=\"fpg-post-title\"><a href=\"https:\/\/voirfaso.com\/fr\/hello-world\/\">Bonjour tout le monde !<\/a><\/h6>        <\/div>\n\t\t    <ul class=\"fpg-post-meta\">\n\t\t<li><span class=\"fpg-meta\"> <span>Par <a href=\"https:\/\/voirfaso.com\/fr\/author\/mbinaha3gmail-com\/\" class=\"fpg-author-link\">Yamix<\/a><\/span><\/span><\/li><li><span class=\"fpg-meta\"><i class=\"ri-pulse-fill\"><\/i> 6 Views<\/span><\/li>    <\/ul>\n\t    <\/div>\n<\/div>\n<div class=\"fpg-card-style style-two\">\n\t        <div class=\"fpg-post-thumb\">\n\t\t\t                <a href=\"https:\/\/voirfaso.com\/fr\/memorial-thomas-sankara-le-dixieme-ceremonial-militaire-rend-hommage-au-president-sankara-et-a-ses-douze-compagnons\/\" class=\"image-link\">\n\t\t\t\t\t<img loading=\"lazy\" decoding=\"async\" width=\"150\" height=\"84\" src=\"https:\/\/voirfaso.com\/wp-content\/uploads\/2026\/08\/Dixieme-ceremonial-militaire-au-Memorial-Thomas-Sankara.svg\" class=\"attachment-thumbnail size-thumbnail wp-post-image\" alt=\"Les autorit\u00e9s participant au dixi\u00e8me c\u00e9r\u00e9monial militaire en hommage au Pr\u00e9sident Thomas Sankara.\" \/>                <\/a>\n\t\t\t\t\t\t        <\/div>\n\t    <div class=\"fpg-post-content\">\n\t\t        <div class=\"fpg-post-content-inner\">\n\t\t\t<h6 class=\"fpg-post-title\"><a href=\"https:\/\/voirfaso.com\/fr\/memorial-thomas-sankara-le-dixieme-ceremonial-militaire-rend-hommage-au-president-sankara-et-a-ses-douze-compagnons\/\">M\u00e9morial Thomas Sankara : le dixi\u00e8me c\u00e9r\u00e9monial militaire rend hommage au Pr\u00e9sident Sankara et \u00e0 ses douze compagnons<\/a><\/h6>        <\/div>\n\t\t    <ul class=\"fpg-post-meta\">\n\t\t<li><span class=\"fpg-meta\"> <span>Par <a href=\"https:\/\/voirfaso.com\/fr\/author\/mbinaha3gmail-com\/\" class=\"fpg-author-link\">Yamix<\/a><\/span><\/span><\/li><li><span class=\"fpg-meta\"><i class=\"ri-pulse-fill\"><\/i> 17 Views<\/span><\/li>    <\/ul>\n\t    <\/div>\n<\/div>\n<div class=\"fpg-card-style style-two\">\n\t        <div class=\"fpg-post-thumb\">\n\t\t\t                <a href=\"https:\/\/voirfaso.com\/fr\/initiatives-carbone-un-projet-de-loi-pour-structurer-le-marche-au-burkina-faso\/\" class=\"image-link\">\n\t\t\t\t\t<img loading=\"lazy\" decoding=\"async\" width=\"150\" height=\"84\" src=\"https:\/\/voirfaso.com\/wp-content\/uploads\/2026\/07\/Presentation-du-projet-de-loi-sur-les-initiatives-carbone.svg\" class=\"attachment-thumbnail size-thumbnail wp-post-image\" alt=\"Le ministre d\u00e9l\u00e9gu\u00e9 Dr Amadou DICKO pr\u00e9sente le projet de loi sur les initiatives carbone devant la Commission du d\u00e9veloppement durable de l\u2019Assembl\u00e9e l\u00e9gislative du peuple.\" \/>                <\/a>\n\t\t\t\t\t\t        <\/div>\n\t    <div class=\"fpg-post-content\">\n\t\t        <div class=\"fpg-post-content-inner\">\n\t\t\t<h6 class=\"fpg-post-title\"><a href=\"https:\/\/voirfaso.com\/fr\/initiatives-carbone-un-projet-de-loi-pour-structurer-le-marche-au-burkina-faso\/\">Initiatives carbone : un projet de loi visant \u00e0 structurer le march\u00e9 au Burkina Faso<\/a><\/h6>        <\/div>\n\t\t    <ul class=\"fpg-post-meta\">\n\t\t<li><span class=\"fpg-meta\"> <span>Par <a href=\"https:\/\/voirfaso.com\/fr\/author\/mbinaha3gmail-com\/\" class=\"fpg-author-link\">Yamix<\/a><\/span><\/span><\/li><li><span class=\"fpg-meta\"><i class=\"ri-pulse-fill\"><\/i> 22 Views<\/span><\/li>    <\/ul>\n\t    <\/div>\n<\/div>\n<div class=\"fpg-card-style style-two\">\n\t        <div class=\"fpg-post-thumb\">\n\t\t\t                <a href=\"https:\/\/voirfaso.com\/fr\/campements-touristiques-au-burkina-lexperience-authentique-des-terroirs\/\" class=\"image-link\">\n\t\t\t\t\t<img loading=\"lazy\" decoding=\"async\" width=\"150\" height=\"84\" src=\"https:\/\/voirfaso.com\/wp-content\/uploads\/2026\/07\/Eco-resort-safari-tents-wilderness-ou-Traditional-african-lodge-nature.svg\" class=\"attachment-thumbnail size-thumbnail wp-post-image\" alt=\"\" \/>                <\/a>\n\t\t\t\t\t\t        <\/div>\n\t    <div class=\"fpg-post-content\">\n\t\t        <div class=\"fpg-post-content-inner\">\n\t\t\t<h6 class=\"fpg-post-title\"><a href=\"https:\/\/voirfaso.com\/fr\/campements-touristiques-au-burkina-lexperience-authentique-des-terroirs\/\">Campements touristiques au Burkina : une exp\u00e9rience authentique des terroirs<\/a><\/h6>        <\/div>\n\t\t    <ul class=\"fpg-post-meta\">\n\t\t<li><span class=\"fpg-meta\"> <span>Par <a href=\"https:\/\/voirfaso.com\/fr\/author\/mbinaha3gmail-com\/\" class=\"fpg-author-link\">Yamix<\/a><\/span><\/span><\/li><li><span class=\"fpg-meta\"><i class=\"ri-pulse-fill\"><\/i> 23 Views<\/span><\/li>    <\/ul>\n\t    <\/div>\n<\/div>            <\/div>\n\n\t\t\t        <\/div>\n\t\t\t\t\t\t<\/div>\n\t\t\t\t<\/div>\n\t\t\t\t<\/div>\n\t\t<div class=\"elementor-element elementor-element-73e165d e-con-full e-flex e-con e-child\" data-id=\"73e165d\" data-element_type=\"container\" data-e-type=\"container\" data-settings=\"{&quot;background_background&quot;:&quot;gradient&quot;}\">\n\t\t<div class=\"elementor-element elementor-element-7bf2162 e-con-full e-flex e-con e-child\" data-id=\"7bf2162\" data-element_type=\"container\" data-e-type=\"container\">\n\t\t<div class=\"elementor-element elementor-element-1874bf7 e-con-full e-flex e-con e-child\" data-id=\"1874bf7\" data-element_type=\"container\" data-e-type=\"container\">\n\t\t\t\t<div class=\"elementor-element elementor-element-34b324e elementor-widget elementor-widget-heading\" data-id=\"34b324e\" data-element_type=\"widget\" data-e-type=\"widget\" data-widget_type=\"heading.default\">\n\t\t\t\t\t<h3 class=\"elementor-heading-title elementor-size-default\">M\u00e9t\u00e9o<\/h3>\t\t\t\t<\/div>\n\t\t\t\t<div class=\"elementor-element elementor-element-d25e448 elementor-widget elementor-widget-fpg-datetime\" data-id=\"d25e448\" data-element_type=\"widget\" data-e-type=\"widget\" data-settings=\"{&quot;date_separator&quot;:&quot; \\\/ &quot;,&quot;show_date&quot;:&quot;yes&quot;}\" data-widget_type=\"fpg-datetime.default\">\n\t\t\t\t<div class=\"elementor-widget-container\">\n\t\t\t\t\t        <div class=\"rs-date-time\">\n\t\t\t<div class=\"item-wrapper date-wrapper\"><span class=\"item-instance rs-current-date\">05\/09\/2026<\/span><\/div>        <\/div>\n\t\t\t\t\t\t<\/div>\n\t\t\t\t<\/div>\n\t\t\t\t<\/div>\n\t\t<div class=\"elementor-element elementor-element-11fabdd e-con-full e-flex e-con e-child\" data-id=\"11fabdd\" data-element_type=\"container\" data-e-type=\"container\">\n\t\t\t\t<div class=\"elementor-element elementor-element-9b7ea15 elementor-widget elementor-widget-heading\" data-id=\"9b7ea15\" data-element_type=\"widget\" data-e-type=\"widget\" data-widget_type=\"heading.default\">\n\t\t\t\t\t<div class=\"elementor-heading-title elementor-size-default\">M\u00e9t\u00e9o actuelle<\/div>\t\t\t\t<\/div>\n\t\t\t\t<div class=\"elementor-element elementor-element-ae514a8 elementor-widget elementor-widget-fpg-datetime\" data-id=\"ae514a8\" data-element_type=\"widget\" data-e-type=\"widget\" data-settings=\"{&quot;show_time&quot;:&quot;yes&quot;}\" data-widget_type=\"fpg-datetime.default\">\n\t\t\t\t<div class=\"elementor-widget-container\">\n\t\t\t\t\t        <div class=\"rs-date-time\">\n\t\t\t<div class=\"item-wrapper time-wrapper\"><span class=\"item-instance rs-current-time\">12:21 PM<\/span><\/div>        <\/div>\n\t\t\t\t\t\t<\/div>\n\t\t\t\t<\/div>\n\t\t\t\t<\/div>\n\t\t\t\t<\/div>\n\t\t\t\t<div class=\"elementor-element elementor-element-53fb919 elementor-widget elementor-widget-fpg-weather\" data-id=\"53fb919\" data-element_type=\"widget\" data-e-type=\"widget\" data-widget_type=\"fpg-weather.default\">\n\t\t\t\t<div class=\"elementor-widget-container\">\n\t\t\t\t\t        <div class=\"rs-weather\">\n            <div class=\"weather-header\">\n\t\t\t\t                        <div class=\"weather_icon custom-svg-img\">\n\t\t\t\t\t\t\t<img decoding=\"async\" src=\"https:\/\/voirfaso.com\/wp-content\/plugins\/fancy-post-grid-pro\/assets\/weather-icons\/01d.svg\" alt=\"clear sky\" \/>                        <\/div>\n\t\t\t\t\t                <div class=\"temperature\">34.1<sup>\u00b0C<\/sup><\/div>\n            <\/div>\n\n            <ul class=\"info_list\">\n\t\t\t\t<li><div class=\"icon-wrapper\"><i class=\"ri-temp-cold-line\"><\/i><\/div><div class=\"info_text_wrapper\"><div class=\"rs-w-label\">Temp\u00e9rature ressentie<\/div> <div class=\"value-wrapper\">41.1<sup>\u00b0C<\/sup><\/div><\/div><\/li><li><div class=\"icon-wrapper\"><i class=\"ri-water-percent-line\"><\/i><\/div><div class=\"info_text_wrapper\"><div class=\"rs-w-label\">Humidit\u00e9<\/div> 59%<\/div><\/li><li><div class=\"icon-wrapper\"><i class=\"ri-pushpin-line\"><\/i><\/div><div class=\"info_text_wrapper\"><div class=\"rs-w-label\">Condition<\/div> clear sky<\/div><\/li><li><div class=\"icon-wrapper\"><i class=\"ri-map-pin-line\"><\/i><\/div><div class=\"info_text_wrapper\"><div class=\"rs-w-label\">Ville actuelle<\/div> Ouagadougou<\/div><\/li><li><div class=\"icon-wrapper\"><i class=\"ri-windy-line\"><\/i><\/div><div class=\"info_text_wrapper\"><div class=\"rs-w-label\">Informations sur le vent<\/div> 9.3 km\/h WSW<\/div><\/li><li><div class=\"icon-wrapper\"><i class=\"ri-earth-line\"><\/i><\/div><div class=\"info_text_wrapper\"><div class=\"rs-w-label\">Pays<\/div> BF<\/div><\/li>            <\/ul>\n        <\/div>\n\t\t\t\t\t\t<\/div>\n\t\t\t\t<\/div>\n\t\t\t\t<\/div>\n\t\t<div class=\"elementor-element elementor-element-8381abc e-con-full e-flex e-con e-child\" data-id=\"8381abc\" data-element_type=\"container\" data-e-type=\"container\" data-settings=\"{&quot;background_background&quot;:&quot;classic&quot;}\">\n\t\t\t\t<div class=\"elementor-element elementor-element-852ec01 elementor-widget elementor-widget-heading\" data-id=\"852ec01\" data-element_type=\"widget\" data-e-type=\"widget\" data-widget_type=\"heading.default\">\n\t\t\t\t\t<h4 class=\"elementor-heading-title elementor-size-default\">Suivez-nous<\/h4>\t\t\t\t<\/div>\n\t\t\t\t<div class=\"elementor-element elementor-element-1d2c46f elementor-widget elementor-widget-fpg-social-icons\" data-id=\"1d2c46f\" data-element_type=\"widget\" data-e-type=\"widget\" data-widget_type=\"fpg-social-icons.default\">\n\t\t\t\t<div class=\"elementor-widget-container\">\n\t\t\t\t\t        <div class=\"rs-social-menu style1\">\n            <div class=\"social-wrapper\">\n\t\t\t\t                    <a class=\"elementor-repeater-item-f4b520b\" href=\"https:\/\/www.facebook.com\/p\/Voir-Faso-100090644981492\/\" >\n\t\t\t\t\t\t                            <div class=\"icon-wrapper\">\n\t\t\t\t\t\t\t\t<svg aria-hidden=\"true\" class=\"e-font-icon-svg e-fab-facebook-f\" viewbox=\"0 0 320 512\" xmlns=\"http:\/\/www.w3.org\/2000\/svg\"><path d=\"M279.14 288l14.22-92.66h-88.91v-60.13c0-25.35 12.42-50.06 52.24-50.06h40.42V6.26S260.43 0 225.36 0c-73.22 0-121.08 44.38-121.08 124.72v70.62H22.89V288h81.39v224h100.17V288z\"><\/path><\/svg>                            <\/div>\n\t\t\t\t\t\t                            <span class=\"text-wrapper\">Facebook<\/span>\n\t\t\t\t\t\t<div class=\"sub-text\">52k abonn\u00e9s<\/div>                    <\/a>\n\t\t\t\t                    <a class=\"elementor-repeater-item-ffefee6\" href=\"https:\/\/x.com\/voirfaso?s=11\" >\n\t\t\t\t\t\t                            <div class=\"icon-wrapper\">\n\t\t\t\t\t\t\t\t<svg aria-hidden=\"true\" class=\"e-font-icon-svg e-fab-x-twitter\" viewbox=\"0 0 512 512\" xmlns=\"http:\/\/www.w3.org\/2000\/svg\"><path d=\"M389.2 48h70.6L305.6 224.2 487 464H345L233.7 318.6 106.5 464H35.8L200.7 275.5 26.8 48H172.4L272.9 180.9 389.2 48zM364.4 421.8h39.1L151.1 88h-42L364.4 421.8z\"><\/path><\/svg>                            <\/div>\n\t\t\t\t\t\t                            <span class=\"text-wrapper\">Twitter - X<\/span>\n\t\t\t\t\t\t                    <\/a>\n\t\t\t\t                    <a class=\"elementor-repeater-item-490738c\" href=\"#\" >\n\t\t\t\t\t\t                            <div class=\"icon-wrapper\">\n\t\t\t\t\t\t\t\t<svg aria-hidden=\"true\" class=\"e-font-icon-svg e-fab-dribbble\" viewbox=\"0 0 512 512\" xmlns=\"http:\/\/www.w3.org\/2000\/svg\"><path d=\"M256 8C119.252 8 8 119.252 8 256s111.252 248 248 248 248-111.252 248-248S392.748 8 256 8zm163.97 114.366c29.503 36.046 47.369 81.957 47.835 131.955-6.984-1.477-77.018-15.682-147.502-6.818-5.752-14.041-11.181-26.393-18.617-41.614 78.321-31.977 113.818-77.482 118.284-83.523zM396.421 97.87c-3.81 5.427-35.697 48.286-111.021 76.519-34.712-63.776-73.185-116.168-79.04-124.008 67.176-16.193 137.966 1.27 190.061 47.489zm-230.48-33.25c5.585 7.659 43.438 60.116 78.537 122.509-99.087 26.313-186.36 25.934-195.834 25.809C62.38 147.205 106.678 92.573 165.941 64.62zM44.17 256.323c0-2.166.043-4.322.108-6.473 9.268.19 111.92 1.513 217.706-30.146 6.064 11.868 11.857 23.915 17.174 35.949-76.599 21.575-146.194 83.527-180.531 142.306C64.794 360.405 44.17 310.73 44.17 256.323zm81.807 167.113c22.127-45.233 82.178-103.622 167.579-132.756 29.74 77.283 42.039 142.053 45.189 160.638-68.112 29.013-150.015 21.053-212.768-27.882zm248.38 8.489c-2.171-12.886-13.446-74.897-41.152-151.033 66.38-10.626 124.7 6.768 131.947 9.055-9.442 58.941-43.273 109.844-90.795 141.978z\"><\/path><\/svg>                            <\/div>\n\t\t\t\t\t\t                            <span class=\"text-wrapper\">Dribbble<\/span>\n\t\t\t\t\t\t                    <\/a>\n\t\t\t\t                    <a class=\"elementor-repeater-item-dd6c6af\" href=\"#\" >\n\t\t\t\t\t\t                            <div class=\"icon-wrapper\">\n\t\t\t\t\t\t\t\t<svg aria-hidden=\"true\" class=\"e-font-icon-svg e-fab-pinterest-p\" viewbox=\"0 0 384 512\" xmlns=\"http:\/\/www.w3.org\/2000\/svg\"><path d=\"M204 6.5C101.4 6.5 0 74.9 0 185.6 0 256 39.6 296 63.6 296c9.9 0 15.6-27.6 15.6-35.4 0-9.3-23.7-29.1-23.7-67.8 0-80.4 61.2-137.4 140.4-137.4 68.1 0 118.5 38.7 118.5 109.8 0 53.1-21.3 152.7-90.3 152.7-24.9 0-46.2-18-46.2-43.8 0-37.8 26.4-74.4 26.4-113.4 0-66.2-93.9-54.2-93.9 25.8 0 16.8 2.1 35.4 9.6 50.7-13.8 59.4-42 147.9-42 209.1 0 18.9 2.7 37.5 4.5 56.4 3.4 3.8 1.7 3.4 6.9 1.5 50.4-69 48.6-82.5 71.4-172.8 12.3 23.4 44.1 36 69.3 36 106.2 0 153.9-103.5 153.9-196.8C384 71.3 298.2 6.5 204 6.5z\"><\/path><\/svg>                            <\/div>\n\t\t\t\t\t\t                            <span class=\"text-wrapper\">Pinterest<\/span>\n\t\t\t\t\t\t                    <\/a>\n\t\t\t\t                    <a class=\"elementor-repeater-item-b39d36a\" href=\"https:\/\/www.instagram.com\/voirfaso?igsh=MWRkZ2loMTFmaTlqdw==&#038;igsi=MWRkZ2loMTFmaTlqdw==\" >\n\t\t\t\t\t\t                            <div class=\"icon-wrapper\">\n\t\t\t\t\t\t\t\t<svg aria-hidden=\"true\" class=\"e-font-icon-svg e-fab-linkedin-in\" viewbox=\"0 0 448 512\" xmlns=\"http:\/\/www.w3.org\/2000\/svg\"><path d=\"M100.28 448H7.4V148.9h92.88zM53.79 108.1C24.09 108.1 0 83.5 0 53.8a53.79 53.79 0 0 1 107.58 0c0 29.7-24.1 54.3-53.79 54.3zM447.9 448h-92.68V302.4c0-34.7-.7-79.2-48.29-79.2-48.29 0-55.69 37.7-55.69 76.7V448h-92.78V148.9h89.08v40.8h1.3c12.4-23.5 42.69-48.3 87.88-48.3 94 0 111.28 61.9 111.28 142.3V448z\"><\/path><\/svg>                            <\/div>\n\t\t\t\t\t\t                            <span class=\"text-wrapper\">LinkedIn<\/span>\n\t\t\t\t\t\t                    <\/a>\n\t\t\t\t                    <a class=\"elementor-repeater-item-13a732e\" href=\"#\" >\n\t\t\t\t\t\t                            <div class=\"icon-wrapper\">\n\t\t\t\t\t\t\t\t<svg aria-hidden=\"true\" class=\"e-font-icon-svg e-fab-instagram\" viewbox=\"0 0 448 512\" xmlns=\"http:\/\/www.w3.org\/2000\/svg\"><path d=\"M224.1 141c-63.6 0-114.9 51.3-114.9 114.9s51.3 114.9 114.9 114.9S339 319.5 339 255.9 287.7 141 224.1 141zm0 189.6c-41.1 0-74.7-33.5-74.7-74.7s33.5-74.7 74.7-74.7 74.7 33.5 74.7 74.7-33.6 74.7-74.7 74.7zm146.4-194.3c0 14.9-12 26.8-26.8 26.8-14.9 0-26.8-12-26.8-26.8s12-26.8 26.8-26.8 26.8 12 26.8 26.8zm76.1 27.2c-1.7-35.9-9.9-67.7-36.2-93.9-26.2-26.2-58-34.4-93.9-36.2-37-2.1-147.9-2.1-184.9 0-35.8 1.7-67.6 9.9-93.9 36.1s-34.4 58-36.2 93.9c-2.1 37-2.1 147.9 0 184.9 1.7 35.9 9.9 67.7 36.2 93.9s58 34.4 93.9 36.2c37 2.1 147.9 2.1 184.9 0 35.9-1.7 67.7-9.9 93.9-36.2 26.2-26.2 34.4-58 36.2-93.9 2.1-37 2.1-147.8 0-184.8zM398.8 388c-7.8 19.6-22.9 34.7-42.6 42.6-29.5 11.7-99.5 9-132.1 9s-102.7 2.6-132.1-9c-19.6-7.8-34.7-22.9-42.6-42.6-11.7-29.5-9-99.5-9-132.1s-2.6-102.7 9-132.1c7.8-19.6 22.9-34.7 42.6-42.6 29.5-11.7 99.5-9 132.1-9s102.7-2.6 132.1 9c19.6 7.8 34.7 22.9 42.6 42.6 11.7 29.5 9 99.5 9 132.1s2.7 102.7-9 132.1z\"><\/path><\/svg>                            <\/div>\n\t\t\t\t\t\t                            <span class=\"text-wrapper\">Instagram<\/span>\n\t\t\t\t\t\t                    <\/a>\n\t\t\t\t            <\/div>\n        <\/div>\n\t\t\t\t\t<\/div>\n\t\t\t\t<\/div>\n\t\t\t\t<\/div>\n\t\t\t\t<\/div>\n\t\t\t\t<\/div>\n\t\t\t\t<\/div>\n\t\t\t\t\t<\/div>\n\t\t\t\t<\/div>\n\t\t\n<\/div>\n<div class=\"elementor-element elementor-element-bb39cab e-con e-atomic-element e-flexbox-base e-203c75a\" data-id=\"bb39cab\" data-element_type=\"e-flexbox\" data-e-type=\"e-flexbox\" data-interaction-id=\"bb39cab\">\n    <div class=\"elementor-element elementor-element-113804e e-con e-atomic-element e-flexbox-base e-113804e-eddd78e\" data-id=\"113804e\" data-element_type=\"e-flexbox\" data-e-type=\"e-flexbox\" data-interaction-id=\"113804e\">\n    <div class=\"elementor-element elementor-element-a8ba89d e-con e-atomic-element e-flexbox-base e-a8ba89d-fa8601e\" data-id=\"a8ba89d\" data-element_type=\"e-flexbox\" data-e-type=\"e-flexbox\" data-interaction-id=\"a8ba89d\">\n    <div class=\"elementor-element elementor-element-1384e90 e-con-full e-flex e-con e-child\" data-id=\"1384e90\" data-element_type=\"container\" data-e-type=\"container\">\n\t\t\t\t<div class=\"elementor-element elementor-element-421c705 elementor-widget elementor-widget-image\" data-id=\"421c705\" data-element_type=\"widget\" data-e-type=\"widget\" data-widget_type=\"image.default\">\n\t\t\t\t\t\t\t\t\t\t\t\t\t\t\t<img loading=\"lazy\" decoding=\"async\" width=\"1430\" height=\"236\" src=\"https:\/\/voirfaso.com\/wp-content\/uploads\/2026\/08\/Banniere-Linkedin-professionnelle-nouveau-site-internet-vert-1430-x-236-px.svg\" class=\"attachment-full size-full wp-image-8300\" alt=\"\" \/>\t\t\t\t\t\t\t\t\t\t\t\t\t\t\t<\/div>\n\t\t\t\t<\/div>\n\t\t\n<\/div>\n\n<\/div>\n\n<\/div>\n<div class=\"elementor-element elementor-element-210f1fa e-con e-atomic-element e-flexbox-base e-2c79f54\" data-id=\"210f1fa\" data-element_type=\"e-flexbox\" data-e-type=\"e-flexbox\" data-interaction-id=\"210f1fa\">\n    <div class=\"elementor-element elementor-element-f734e87 e-flex e-con-boxed e-con e-parent\" data-id=\"f734e87\" data-element_type=\"container\" data-e-type=\"container\">\n\t\t\t\t\t<div class=\"e-con-inner\">\n\t\t<div class=\"elementor-element elementor-element-c148a68 e-con-full e-flex e-con e-child\" data-id=\"c148a68\" data-element_type=\"container\" data-e-type=\"container\">\n\t\t\t\t<div class=\"elementor-element elementor-element-0b93431 elementor-widget elementor-widget-heading\" data-id=\"0b93431\" data-element_type=\"widget\" data-e-type=\"widget\" data-widget_type=\"heading.default\">\n\t\t\t\t\t<h2 class=\"elementor-heading-title elementor-size-default\">Actualit\u00e9s en vogue<\/h2>\t\t\t\t<\/div>\n\t\t\t\t<div class=\"elementor-element elementor-element-758629a elementor-hidden-tablet_extra elementor-hidden-tablet elementor-hidden-mobile elementor-widget elementor-widget-fpg-button\" data-id=\"758629a\" data-element_type=\"widget\" data-e-type=\"widget\" data-widget_type=\"fpg-button.default\">\n\t\t\t\t<div class=\"elementor-widget-container\">\n\t\t\t\t\t        <a class=\"rs-button style-default icon-anim-flip-right text-anim-flip-top\" href=\"https:\/\/nerio.rstheme.com\/travel-news\/category\/adventure\/\">\n\t\t\t                <span class=\"button-icon\">\n                    <svg xmlns=\"http:\/\/www.w3.org\/2000\/svg\" viewbox=\"0 0 18 12\"><path fill-rule=\"evenodd\" clip-rule=\"evenodd\" d=\"M16.2079 5.0991C14.0115 5.0991 12.0097 3.0991 12.0097 0.900901V0H10.2079V0.900901C10.2079 2.4991 10.9088 3.9982 12.0088 5.0991H0.892578V6.9009H12.0088C10.9088 8.0018 10.2079 9.5009 10.2079 11.0991V12H12.0097V11.0991C12.0097 8.9018 14.0115 6.9009 16.2079 6.9009H17.1088V5.0991H16.2079Z\"><\/path><\/svg><svg xmlns=\"http:\/\/www.w3.org\/2000\/svg\" viewbox=\"0 0 18 12\"><path fill-rule=\"evenodd\" clip-rule=\"evenodd\" d=\"M16.2079 5.0991C14.0115 5.0991 12.0097 3.0991 12.0097 0.900901V0H10.2079V0.900901C10.2079 2.4991 10.9088 3.9982 12.0088 5.0991H0.892578V6.9009H12.0088C10.9088 8.0018 10.2079 9.5009 10.2079 11.0991V12H12.0097V11.0991C12.0097 8.9018 14.0115 6.9009 16.2079 6.9009H17.1088V5.0991H16.2079Z\"><\/path><\/svg>                <\/span>\n\t\t\t\t\t\t                <span class=\"button-text\" data-text=\"Tout afficher\">\n                    Tout afficher                <\/span>\n\t\t\t        <\/a>\n\t\t\t\t\t\t<\/div>\n\t\t\t\t<\/div>\n\t\t\t\t<div class=\"elementor-element elementor-element-b6ff465 elementor-widget elementor-widget-fpg-post-group\" data-id=\"b6ff465\" data-element_type=\"widget\" data-e-type=\"widget\" data-settings=\"{&quot;thumbnail_type_group_large&quot;:&quot;image&quot;,&quot;thumbnail_type&quot;:&quot;image&quot;}\" data-widget_type=\"fpg-post-group.default\">\n\t\t\t\t<div class=\"elementor-widget-container\">\n\t\t\t\t\t\n        <div class=\"fpg-post-group fpg-post-group-three\" style=\"--total-post:3\">\n\t\t\t\n        <div class=\"fpg-card-style style-floating card-large\">\n\t\t\t                <div class=\"fpg-post-thumb\">\n\t\t\t\t\t                        <a href=\"https:\/\/voirfaso.com\/fr\/loi-sur-les-sachets-plastiques-la-dgecv-sensibilise-les-acteurs-du-marche-de-bendogo-variantes\/\" class=\"image-link\">\n\t\t\t\t\t\t\t<img loading=\"lazy\" decoding=\"async\" width=\"768\" height=\"432\" src=\"https:\/\/voirfaso.com\/wp-content\/uploads\/2025\/10\/Sensibilisation-des-acteurs-du-marche-de-Bendogo-sur-la-Loi-N\u00b0045.svg\" class=\"attachment-medium_large size-medium_large wp-post-image\" alt=\"Campagne de sensibilisation de la DGECV aupr\u00e8s des commer\u00e7ants du march\u00e9 de Bendogo \u00e0 Ouagadougou.\" \/>                        <\/a>\n\t\t\t\t\t<div class=\"thumb-overlay\"><\/div>                <\/div>\n\t\t\t            <div class=\"fpg-post-content\">\n\t\t\t\t                <div class=\"fpg-post-content-inner\">\n\t\t\t\t\t<div class=\"fpg-post-cat\">                            <a href=\"https:\/\/voirfaso.com\/fr\/category\/environnement\/\"\n                               class=\"post-cat\"\n                               style=\"--catCurrentBgColor: #81d742;--catCurrentColor: #ffffff;\">\n\t\t\t\t\t\t\t\tEnvironnement                            <\/a>\n\t\t\t\t\t\t<\/div><h4 class=\"fpg-post-title\"><a href=\"https:\/\/voirfaso.com\/fr\/loi-sur-les-sachets-plastiques-la-dgecv-sensibilise-les-acteurs-du-marche-de-bendogo-variantes\/\">Loi sur les sachets plastiques : la DGECV sensibilise les acteurs du march\u00e9 de Bendogo<\/a><\/h4>                <\/div>\n\t\t\t\t            <ul class=\"fpg-post-meta\">\n\t\t\t\t<li><span class=\"fpg-meta\"> <span>Par <a href=\"https:\/\/voirfaso.com\/fr\/author\/mbinaha3gmail-com\/\" class=\"fpg-author-link\">Yamix<\/span><\/a><\/span><\/li><li><span class=\"fpg-meta\"><i class=\"ri-pulse-fill\"><\/i> 89 Views<\/span><\/li><li><span class=\"fpg-meta\"><i class=\"ri-calendar-line\"><\/i> juillet 24, 2026<\/span><\/li>            <\/ul>\n\t\t\t            <\/div>\n        <\/div>\n\t\n<div class=\"fpg-card-style style-one\">\n            <div class=\"fpg-post-thumb\">\n                            <a href=\"https:\/\/voirfaso.com\/fr\/tourisme-dans-les-tannounyan-entre-potentiel-exceptionnel-et-defis-damenagement-les-acteurs-interpellent-les-deputes\/\" class=\"image-link\">\n                    <img loading=\"lazy\" decoding=\"async\" width=\"768\" height=\"432\" src=\"https:\/\/voirfaso.com\/wp-content\/uploads\/2026\/08\/Les-deputes-echanges-.svg\" class=\"attachment-medium_large size-medium_large wp-post-image\" alt=\"Les d\u00e9put\u00e9s \u00e9changes avec un guide lors de la visite des pics de Sindou,\" \/>                <\/a>\n            \n\t                <\/div>\n        <div class=\"fpg-post-content\">\n                <div class=\"fpg-post-content-inner\">\n            <div class=\"fpg-post-cat\">                            <a href=\"https:\/\/voirfaso.com\/fr\/category\/investissement-touristique\/\"\n                            class=\"post-cat\"\n                            style=\"--catCurrentBgColor: #0066cc;--catCurrentColor: #ffffff;\">\n                                Investissements touristiques                            <\/a>\n                                                    <a href=\"https:\/\/voirfaso.com\/fr\/category\/tourisme\/\"\n                            class=\"post-cat\"\n                            style=\"--catCurrentBgColor: #edb936;--catCurrentColor: #ffffff;\">\n                                Tourisme                            <\/a>\n                        <\/div><h4 class=\"fpg-post-title\"><a href=\"https:\/\/voirfaso.com\/fr\/tourisme-dans-les-tannounyan-entre-potentiel-exceptionnel-et-defis-damenagement-les-acteurs-interpellent-les-deputes\/\">Tourisme dans les Tannounyan : entre potentiel exceptionnel et d\u00e9fis d\u2019am\u00e9nagement, les acteurs interpellent les d\u00e9put\u00e9s<\/a><\/h4>        <\/div>\n            <ul class=\"fpg-post-meta\">\n        <li><span class=\"fpg-meta\"> <span>Par <a href=\"https:\/\/voirfaso.com\/fr\/author\/mbinaha3gmail-com\/\" class=\"fpg-author-link\">Yamix<\/a><\/span><\/span><\/li><li><span class=\"fpg-meta\"><i class=\"ri-pulse-fill\"><\/i> 50 Views<\/span><\/li><li><span class=\"fpg-meta\"><i class=\"ri-calendar-line\"><\/i> ao\u00fbt 17, 2026<\/span><\/li>    <\/ul>\n        <\/div>\n<\/div>\n<div class=\"fpg-card-style style-one\">\n            <div class=\"fpg-post-thumb\">\n                            <a href=\"https:\/\/voirfaso.com\/fr\/laongo-2026-le-compte-a-rebours-lance-pour-la-15%e1%b5%89-edition-du-symposium-de-sculpture-sur-granite\/\" class=\"image-link\">\n                    <img loading=\"lazy\" decoding=\"async\" width=\"768\" height=\"432\" src=\"https:\/\/voirfaso.com\/wp-content\/uploads\/2026\/08\/photo-de-groupe.svg\" class=\"attachment-medium_large size-medium_large wp-post-image\" alt=\"Installation du commissariat de la 15e \u00e9dition du Symposium de sculpture sur granite de Laongo\" \/>                <\/a>\n            \n\t                <\/div>\n        <div class=\"fpg-post-content\">\n                <div class=\"fpg-post-content-inner\">\n            <div class=\"fpg-post-cat\">                            <a href=\"https:\/\/voirfaso.com\/fr\/category\/culture-patrimoine\/\"\n                            class=\"post-cat\"\n                            style=\"--catCurrentBgColor: #a51f18;--catCurrentColor: #ffffff;\">\n                                Culture &amp; Patrimoine                            <\/a>\n                        <\/div><h4 class=\"fpg-post-title\"><a href=\"https:\/\/voirfaso.com\/fr\/laongo-2026-le-compte-a-rebours-lance-pour-la-15%e1%b5%89-edition-du-symposium-de-sculpture-sur-granite\/\">Laongo 2026 : le compte \u00e0 rebours lanc\u00e9 pour la 15\u1d49 \u00e9dition du Symposium de sculpture sur granite<\/a><\/h4>        <\/div>\n            <ul class=\"fpg-post-meta\">\n        <li><span class=\"fpg-meta\"> <span>Par <a href=\"https:\/\/voirfaso.com\/fr\/author\/mbinaha3gmail-com\/\" class=\"fpg-author-link\">Yamix<\/a><\/span><\/span><\/li><li><span class=\"fpg-meta\"><i class=\"ri-pulse-fill\"><\/i> 42 Views<\/span><\/li><li><span class=\"fpg-meta\"><i class=\"ri-calendar-line\"><\/i> ao\u00fbt 19, 2026<\/span><\/li>    <\/ul>\n        <\/div>\n<\/div>        <\/div>\n\t\t\n\t\t\t\t\t<\/div>\n\t\t\t\t<\/div>\n\t\t\t\t<\/div>\n\t\t\t\t\t<\/div>\n\t\t\t\t<\/div>\n\t\t\n<\/div>\n<div class=\"elementor-element elementor-element-be52c10 e-con e-atomic-element e-flexbox-base e-666c3a3\" data-id=\"be52c10\" data-element_type=\"e-flexbox\" data-e-type=\"e-flexbox\" data-interaction-id=\"be52c10\">\n    <div class=\"elementor-element elementor-element-900d3b9 e-con e-atomic-element e-flexbox-base e-900d3b9-157aacf\" data-id=\"900d3b9\" data-element_type=\"e-flexbox\" data-e-type=\"e-flexbox\" data-interaction-id=\"900d3b9\">\n    <div class=\"elementor-element elementor-element-9613875 e-con e-atomic-element e-flexbox-base e-9613875-99f9128\" data-id=\"9613875\" data-element_type=\"e-flexbox\" data-e-type=\"e-flexbox\" data-interaction-id=\"9613875\">\n    <div class=\"elementor-element elementor-element-f376fea e-con e-atomic-element e-flexbox-base e-f376fea-6e96764\" data-id=\"f376fea\" data-element_type=\"e-flexbox\" data-e-type=\"e-flexbox\" data-interaction-id=\"f376fea\">\n    <div class=\"elementor-element elementor-element-f88181b e-con-full e-flex e-con e-child\" data-id=\"f88181b\" data-element_type=\"container\" data-e-type=\"container\">\n\t\t\t\t<div class=\"elementor-element elementor-element-5440dd0 elementor-widget elementor-widget-image\" data-id=\"5440dd0\" data-element_type=\"widget\" data-e-type=\"widget\" data-widget_type=\"image.default\">\n\t\t\t\t\t\t\t\t\t\t\t\t\t\t\t<img loading=\"lazy\" decoding=\"async\" width=\"1430\" height=\"236\" src=\"https:\/\/voirfaso.com\/wp-content\/uploads\/2026\/08\/Banniere-Linkedin-professionnelle-nouveau-site-internet-vert-1430-x-236-px.svg\" class=\"attachment-full size-full wp-image-8300\" alt=\"\" \/>\t\t\t\t\t\t\t\t\t\t\t\t\t\t\t<\/div>\n\t\t\t\t<\/div>\n\t\t\n<\/div>\n\n<\/div>\n\n<\/div>\n\n<\/div>\n<div class=\"elementor-element elementor-element-c626639 e-con e-atomic-element e-flexbox-base e-7cffd34\" data-id=\"c626639\" data-element_type=\"e-flexbox\" data-e-type=\"e-flexbox\" data-interaction-id=\"c626639\">\n    <div class=\"elementor-element elementor-element-918b2a2 e-flex e-con-boxed e-con e-parent\" data-id=\"918b2a2\" data-element_type=\"container\" data-e-type=\"container\">\n\t\t\t\t\t<div class=\"e-con-inner\">\n\t\t<div class=\"elementor-element elementor-element-2ab3605 e-con-full e-flex e-con e-child\" data-id=\"2ab3605\" data-element_type=\"container\" data-e-type=\"container\">\n\t\t\t\t<div class=\"elementor-element elementor-element-ab217a4 elementor-widget elementor-widget-heading\" data-id=\"ab217a4\" data-element_type=\"widget\" data-e-type=\"widget\" data-widget_type=\"heading.default\">\n\t\t\t\t\t<h2 class=\"elementor-heading-title elementor-size-default\">S\u00e9lection de la r\u00e9daction<\/h2>\t\t\t\t<\/div>\n\t\t\t\t<div class=\"elementor-element elementor-element-ae18c09 elementor-hidden-tablet_extra elementor-hidden-tablet elementor-hidden-mobile elementor-widget elementor-widget-fpg-button\" data-id=\"ae18c09\" data-element_type=\"widget\" data-e-type=\"widget\" data-widget_type=\"fpg-button.default\">\n\t\t\t\t<div class=\"elementor-widget-container\">\n\t\t\t\t\t        <a class=\"rs-button style-default icon-anim-flip-right text-anim-flip-top\">\n\t\t\t                <span class=\"button-icon\">\n                    <svg xmlns=\"http:\/\/www.w3.org\/2000\/svg\" viewbox=\"0 0 18 12\"><path fill-rule=\"evenodd\" clip-rule=\"evenodd\" d=\"M16.2079 5.0991C14.0115 5.0991 12.0097 3.0991 12.0097 0.900901V0H10.2079V0.900901C10.2079 2.4991 10.9088 3.9982 12.0088 5.0991H0.892578V6.9009H12.0088C10.9088 8.0018 10.2079 9.5009 10.2079 11.0991V12H12.0097V11.0991C12.0097 8.9018 14.0115 6.9009 16.2079 6.9009H17.1088V5.0991H16.2079Z\"><\/path><\/svg><svg xmlns=\"http:\/\/www.w3.org\/2000\/svg\" viewbox=\"0 0 18 12\"><path fill-rule=\"evenodd\" clip-rule=\"evenodd\" d=\"M16.2079 5.0991C14.0115 5.0991 12.0097 3.0991 12.0097 0.900901V0H10.2079V0.900901C10.2079 2.4991 10.9088 3.9982 12.0088 5.0991H0.892578V6.9009H12.0088C10.9088 8.0018 10.2079 9.5009 10.2079 11.0991V12H12.0097V11.0991C12.0097 8.9018 14.0115 6.9009 16.2079 6.9009H17.1088V5.0991H16.2079Z\"><\/path><\/svg>                <\/span>\n\t\t\t\t\t\t                <span class=\"button-text\" data-text=\"Tout afficher\">\n                    Tout afficher                <\/span>\n\t\t\t        <\/a>\n\t\t\t\t\t\t<\/div>\n\t\t\t\t<\/div>\n\t\t\t\t<div class=\"elementor-element elementor-element-13b5f0d elementor-widget__width-inherit elementor-widget elementor-widget-fpg-post-group\" data-id=\"13b5f0d\" data-element_type=\"widget\" data-e-type=\"widget\" data-settings=\"{&quot;thumbnail_type_group_large&quot;:&quot;image&quot;,&quot;thumbnail_type&quot;:&quot;image&quot;}\" data-widget_type=\"fpg-post-group.default\">\n\t\t\t\t<div class=\"elementor-widget-container\">\n\t\t\t\t\t\n        <div class=\"fpg-post-group fpg-post-group-four\" style=\"--total-post:6\">\n\t\t\t\n        <div class=\"fpg-card-style style-floating card-large\">\n\t\t\t                <div class=\"fpg-post-thumb\">\n\t\t\t\t\t                        <a href=\"https:\/\/voirfaso.com\/fr\/nazinga-le-projet-ponasi-renforce-la-protection-de-la-faune-et-le-developpement-de-lecotourisme\/\" class=\"image-link\">\n\t\t\t\t\t\t\t<img loading=\"lazy\" decoding=\"async\" width=\"768\" height=\"432\" src=\"https:\/\/voirfaso.com\/wp-content\/uploads\/2025\/11\/Le-Ranch-de-Gibier-de-Nazinga.svg\" class=\"attachment-medium_large size-medium_large wp-post-image\" alt=\"Paysage naturel du Ranch de Gibier de Nazinga, l\u2019une des principales r\u00e9serves de faune du Burkina Faso.\" \/>                        <\/a>\n\t\t\t\t\t<div class=\"thumb-overlay\"><\/div>                <\/div>\n\t\t\t            <div class=\"fpg-post-content\">\n\t\t\t\t                <div class=\"fpg-post-content-inner\">\n\t\t\t\t\t<div class=\"fpg-post-cat\">                            <a href=\"https:\/\/voirfaso.com\/fr\/category\/ecotourisme\/\"\n                               class=\"post-cat\"\n                               style=\"--catCurrentBgColor: #388e3c;--catCurrentColor: #ffffff;\">\n\t\t\t\t\t\t\t\t\u00c9cotourisme                            <\/a>\n\t\t\t\t\t\t                            <a href=\"https:\/\/voirfaso.com\/fr\/category\/environnement\/\"\n                               class=\"post-cat\"\n                               style=\"--catCurrentBgColor: #81d742;--catCurrentColor: #ffffff;\">\n\t\t\t\t\t\t\t\tEnvironnement                            <\/a>\n\t\t\t\t\t\t                            <a href=\"https:\/\/voirfaso.com\/fr\/category\/patrimoine-naturel\/\"\n                               class=\"post-cat\"\n                               style=\"--catCurrentBgColor: #00b5ed;--catCurrentColor: #ffffff;\">\n\t\t\t\t\t\t\t\tPatrimoine naturel                            <\/a>\n\t\t\t\t\t\t<\/div><h4 class=\"fpg-post-title\"><a href=\"https:\/\/voirfaso.com\/fr\/nazinga-le-projet-ponasi-renforce-la-protection-de-la-faune-et-le-developpement-de-lecotourisme\/\">Nazinga : le Projet PONASI renforce la protection de la faune et le d\u00e9veloppement de l\u2019\u00e9cotourisme<\/a><\/h4>                <\/div>\n\t\t\t\t            <ul class=\"fpg-post-meta\">\n\t\t\t\t<li><span class=\"fpg-meta\"> <span>Par <a href=\"https:\/\/voirfaso.com\/fr\/author\/mbinaha3gmail-com\/\" class=\"fpg-author-link\">Yamix<\/span><\/a><\/span><\/li><li><span class=\"fpg-meta\"><i class=\"ri-pulse-fill\"><\/i> 40 Views<\/span><\/li><li><span class=\"fpg-meta\"><i class=\"ri-calendar-line\"><\/i> mai 18, 2026<\/span><\/li>            <\/ul>\n\t\t\t            <\/div>\n        <\/div>\n\t\n<div class=\"fpg-card-style style-two\">\n            <div class=\"fpg-post-thumb\">\n                            <a href=\"https:\/\/voirfaso.com\/fr\/opportunites-daffaires-dans-le-tourisme-guide-des-regions-du-burkina-faso\/\" class=\"image-link\">\n                    <img loading=\"lazy\" decoding=\"async\" width=\"1\" height=\"1\" src=\"https:\/\/voirfaso.com\/wp-content\/uploads\/2025\/10\/route-touristique-paysage-savane-burkina-faso.svg\" class=\"attachment-thumbnail size-thumbnail wp-post-image\" alt=\"\" \/>                <\/a>\n            \n\t                <\/div>\n        <div class=\"fpg-post-content\">\n                <div class=\"fpg-post-content-inner\">\n            <div class=\"fpg-post-cat\">                            <a href=\"https:\/\/voirfaso.com\/fr\/category\/investissement-touristique\/\"\n                            class=\"post-cat\"\n                            style=\"--catCurrentBgColor: #0066cc;--catCurrentColor: #ffffff;\">\n                                Investissements touristiques                            <\/a>\n                        <\/div><h6 class=\"fpg-post-title\"><a href=\"https:\/\/voirfaso.com\/fr\/opportunites-daffaires-dans-le-tourisme-guide-des-regions-du-burkina-faso\/\">Opportunit\u00e9s d\u2019affaires dans le tourisme : Guide des r\u00e9gions du Burkina Faso<\/a><\/h6>        <\/div>\n            <ul class=\"fpg-post-meta\">\n        <li><span class=\"fpg-meta\"> <span>Par <a href=\"https:\/\/voirfaso.com\/fr\/author\/mbinaha3gmail-com\/\" class=\"fpg-author-link\">Yamix<\/a><\/span><\/span><\/li><li><span class=\"fpg-meta\"><i class=\"ri-pulse-fill\"><\/i> 23 Views<\/span><\/li>    <\/ul>\n        <\/div>\n<\/div>\n<div class=\"fpg-card-style style-two\">\n            <div class=\"fpg-post-thumb\">\n                            <a href=\"https:\/\/voirfaso.com\/fr\/mare-aux-crocodiles-sacres-de-bazoule-lhistoire-fascinante-dune-cohabitation-unique-entre-lhomme-et-le-crocodile\/\" class=\"image-link\">\n                    <img loading=\"lazy\" decoding=\"async\" width=\"150\" height=\"84\" src=\"https:\/\/voirfaso.com\/wp-content\/uploads\/2025\/10\/Mare-aux-Crocodiles-Sacres-de-Bazoule.svg\" class=\"attachment-thumbnail size-thumbnail wp-post-image\" alt=\"Crocodiles sacr\u00e9s dans la mare de Bazoul\u00e9 pr\u00e8s de Ouagadougou.\" \/>                <\/a>\n            \n\t                <\/div>\n        <div class=\"fpg-post-content\">\n                <div class=\"fpg-post-content-inner\">\n            <div class=\"fpg-post-cat\">                            <a href=\"https:\/\/voirfaso.com\/fr\/category\/destinations-touristiques-burkina-faso\/\"\n                            class=\"post-cat\"\n                            style=\"--catCurrentBgColor: #d68700;--catCurrentColor: #ffffff;\">\n                                Destinations touristiques                            <\/a>\n                        <\/div><h6 class=\"fpg-post-title\"><a href=\"https:\/\/voirfaso.com\/fr\/mare-aux-crocodiles-sacres-de-bazoule-lhistoire-fascinante-dune-cohabitation-unique-entre-lhomme-et-le-crocodile\/\">Mare aux Crocodiles Sacr\u00e9s de Bazoul\u00e9 : l\u2019histoire fascinante d\u2019une cohabitation unique entre l\u2019homme et le crocodile<\/a><\/h6>        <\/div>\n            <ul class=\"fpg-post-meta\">\n        <li><span class=\"fpg-meta\"> <span>Par <a href=\"https:\/\/voirfaso.com\/fr\/author\/mbinaha3gmail-com\/\" class=\"fpg-author-link\">Yamix<\/a><\/span><\/span><\/li><li><span class=\"fpg-meta\"><i class=\"ri-pulse-fill\"><\/i> 47 Views<\/span><\/li>    <\/ul>\n        <\/div>\n<\/div>\n<div class=\"fpg-card-style style-two\">\n            <div class=\"fpg-post-thumb\">\n                            <a href=\"https:\/\/voirfaso.com\/fr\/toma-ile-decouvrez-lune-des-rares-iles-habitees-du-burkina-faso\/\" class=\"image-link\">\n                    <img loading=\"lazy\" decoding=\"async\" width=\"150\" height=\"84\" src=\"https:\/\/voirfaso.com\/wp-content\/uploads\/2025\/11\/Toma-Ile-2-1.svg\" class=\"attachment-thumbnail size-thumbnail wp-post-image\" alt=\"Vue de Toma \u00cele dans la province du Sourou au Burkina Faso.\" \/>                <\/a>\n            \n\t                <\/div>\n        <div class=\"fpg-post-content\">\n                <div class=\"fpg-post-content-inner\">\n            <div class=\"fpg-post-cat\">                            <a href=\"https:\/\/voirfaso.com\/fr\/category\/destinations-touristiques-burkina-faso\/\"\n                            class=\"post-cat\"\n                            style=\"--catCurrentBgColor: #d68700;--catCurrentColor: #ffffff;\">\n                                Destinations touristiques                            <\/a>\n                        <\/div><h6 class=\"fpg-post-title\"><a href=\"https:\/\/voirfaso.com\/fr\/toma-ile-decouvrez-lune-des-rares-iles-habitees-du-burkina-faso\/\">Toma \u00cele : immersion au c\u0153ur de l\u2019une des rares \u00eeles habit\u00e9es du Burkina Faso<\/a><\/h6>        <\/div>\n            <ul class=\"fpg-post-meta\">\n        <li><span class=\"fpg-meta\"> <span>Par <a href=\"https:\/\/voirfaso.com\/fr\/author\/mbinaha3gmail-com\/\" class=\"fpg-author-link\">Yamix<\/a><\/span><\/span><\/li><li><span class=\"fpg-meta\"><i class=\"ri-pulse-fill\"><\/i> 37 Views<\/span><\/li>    <\/ul>\n        <\/div>\n<\/div>\n<div class=\"fpg-card-style style-two\">\n            <div class=\"fpg-post-thumb\">\n                            <a href=\"https:\/\/voirfaso.com\/fr\/ecotourisme-au-burkina-faso-le-nouveau-secteur-davenir-pour-le-prive\/\" class=\"image-link\">\n                    <img loading=\"lazy\" decoding=\"async\" width=\"150\" height=\"84\" src=\"https:\/\/voirfaso.com\/wp-content\/uploads\/2025\/10\/ecolodge-luxe-durable-architecture-bois-afrique.svg\" class=\"attachment-thumbnail size-thumbnail wp-post-image\" alt=\"\" \/>                <\/a>\n            \n\t                <\/div>\n        <div class=\"fpg-post-content\">\n                <div class=\"fpg-post-content-inner\">\n            <div class=\"fpg-post-cat\">                            <a href=\"https:\/\/voirfaso.com\/fr\/category\/ecotourisme\/\"\n                            class=\"post-cat\"\n                            style=\"--catCurrentBgColor: #388e3c;--catCurrentColor: #ffffff;\">\n                                \u00c9cotourisme                            <\/a>\n                                                    <a href=\"https:\/\/voirfaso.com\/fr\/category\/investissement-touristique\/\"\n                            class=\"post-cat\"\n                            style=\"--catCurrentBgColor: #0066cc;--catCurrentColor: #ffffff;\">\n                                Investissements touristiques                            <\/a>\n                        <\/div><h6 class=\"fpg-post-title\"><a href=\"https:\/\/voirfaso.com\/fr\/ecotourisme-au-burkina-faso-le-nouveau-secteur-davenir-pour-le-prive\/\">\u00c9cotourisme au Burkina Faso : Le nouveau secteur d\u2019avenir pour le priv\u00e9<\/a><\/h6>        <\/div>\n            <ul class=\"fpg-post-meta\">\n        <li><span class=\"fpg-meta\"> <span>Par <a href=\"https:\/\/voirfaso.com\/fr\/author\/mbinaha3gmail-com\/\" class=\"fpg-author-link\">Yamix<\/a><\/span><\/span><\/li><li><span class=\"fpg-meta\"><i class=\"ri-pulse-fill\"><\/i> 38 Views<\/span><\/li>    <\/ul>\n        <\/div>\n<\/div>\n<div class=\"fpg-card-style style-two\">\n            <div class=\"fpg-post-thumb\">\n                            <a href=\"https:\/\/voirfaso.com\/fr\/grande-saison-du-tourisme-interne-2026-le-burkina-faso-mise-sur-le-tourisme-local-pour-stimuler-leconomie\/\" class=\"image-link\">\n                    <img loading=\"lazy\" decoding=\"async\" width=\"150\" height=\"84\" src=\"https:\/\/voirfaso.com\/wp-content\/uploads\/2025\/11\/Science-Website-in-Dark-Brown-Grey-Image-Led-Style-4.svg\" class=\"attachment-thumbnail size-thumbnail wp-post-image\" alt=\"Le ministre charg\u00e9 du Tourisme prononce son discours lors du lancement de la Grande Saison du Tourisme Interne \u00e0 Samandeni.\" \/>                <\/a>\n            \n\t                <\/div>\n        <div class=\"fpg-post-content\">\n                <div class=\"fpg-post-content-inner\">\n            <div class=\"fpg-post-cat\">                            <a href=\"https:\/\/voirfaso.com\/fr\/category\/tourisme\/\"\n                            class=\"post-cat\"\n                            style=\"--catCurrentBgColor: #edb936;--catCurrentColor: #ffffff;\">\n                                Tourisme                            <\/a>\n                        <\/div><h6 class=\"fpg-post-title\"><a href=\"https:\/\/voirfaso.com\/fr\/grande-saison-du-tourisme-interne-2026-le-burkina-faso-mise-sur-le-tourisme-local-pour-stimuler-leconomie\/\">Grande Saison du Tourisme Interne 2026 : le Burkina Faso mise sur le tourisme local pour stimuler l\u2019\u00e9conomie<\/a><\/h6>        <\/div>\n            <ul class=\"fpg-post-meta\">\n        <li><span class=\"fpg-meta\"> <span>Par <a href=\"https:\/\/voirfaso.com\/fr\/author\/mbinaha3gmail-com\/\" class=\"fpg-author-link\">Yamix<\/a><\/span><\/span><\/li><li><span class=\"fpg-meta\"><i class=\"ri-pulse-fill\"><\/i> 42 Views<\/span><\/li>    <\/ul>\n        <\/div>\n<\/div>\n<div class=\"fpg-card-style style-two\">\n            <div class=\"fpg-post-thumb\">\n                            <a href=\"https:\/\/voirfaso.com\/fr\/les-plus-belles-villas-meublees-pour-un-sejour-en-famille\/\" class=\"image-link\">\n                    <img loading=\"lazy\" decoding=\"async\" width=\"1\" height=\"1\" src=\"https:\/\/voirfaso.com\/wp-content\/uploads\/2025\/11\/villa-meublee-standing-piscine-burkina.svg\" class=\"attachment-thumbnail size-thumbnail wp-post-image\" alt=\"\" \/>                <\/a>\n            \n\t                <\/div>\n        <div class=\"fpg-post-content\">\n                <div class=\"fpg-post-content-inner\">\n            <div class=\"fpg-post-cat\">                            <a href=\"https:\/\/voirfaso.com\/fr\/category\/hebergement-touristique\/\"\n                            class=\"post-cat\"\n                            style=\"--catCurrentBgColor: #5e2bff;--catCurrentColor: #ffffff;\">\n                                H\u00e9bergement touristique                            <\/a>\n                        <\/div><h6 class=\"fpg-post-title\"><a href=\"https:\/\/voirfaso.com\/fr\/les-plus-belles-villas-meublees-pour-un-sejour-en-famille\/\">Les plus belles villas meubl\u00e9es pour un s\u00e9jour en famille<\/a><\/h6>        <\/div>\n            <ul class=\"fpg-post-meta\">\n        <li><span class=\"fpg-meta\"> <span>Par <a href=\"https:\/\/voirfaso.com\/fr\/author\/mbinaha3gmail-com\/\" class=\"fpg-author-link\">Yamix<\/a><\/span><\/span><\/li><li><span class=\"fpg-meta\"><i class=\"ri-pulse-fill\"><\/i> 42 Views<\/span><\/li>    <\/ul>\n        <\/div>\n<\/div>        <\/div>\n\t\t\n\t\t\t\t\t<\/div>\n\t\t\t\t<\/div>\n\t\t\t\t<\/div>\n\t\t\t\t\t<\/div>\n\t\t\t\t<\/div>\n\t\t\n<\/div>\n<div class=\"elementor-element elementor-element-a88d32f e-con e-atomic-element e-flexbox-base e-e8f02df\" data-id=\"a88d32f\" data-element_type=\"e-flexbox\" data-e-type=\"e-flexbox\" data-interaction-id=\"a88d32f\">\n    <div class=\"elementor-element elementor-element-f566a7f e-flex e-con-boxed e-con e-parent\" data-id=\"f566a7f\" data-element_type=\"container\" data-e-type=\"container\" data-settings=\"{&quot;background_background&quot;:&quot;classic&quot;}\">\n\t\t\t\t\t<div class=\"e-con-inner\">\n\t\t<div class=\"elementor-element elementor-element-065506d e-con-full e-flex e-con e-child\" data-id=\"065506d\" data-element_type=\"container\" data-e-type=\"container\">\n\t\t\t\t<div class=\"elementor-element elementor-element-0e31512 elementor-widget elementor-widget-heading\" data-id=\"0e31512\" data-element_type=\"widget\" data-e-type=\"widget\" data-widget_type=\"heading.default\">\n\t\t\t\t\t<h2 class=\"elementor-heading-title elementor-size-default\">Actualit\u00e9s en vid\u00e9o <\/h2>\t\t\t\t<\/div>\n\t\t\t\t<div class=\"elementor-element elementor-element-7c457b0 elementor-hidden-tablet_extra elementor-hidden-tablet elementor-hidden-mobile elementor-widget elementor-widget-fpg-button\" data-id=\"7c457b0\" data-element_type=\"widget\" data-e-type=\"widget\" data-widget_type=\"fpg-button.default\">\n\t\t\t\t<div class=\"elementor-widget-container\">\n\t\t\t\t\t        <a class=\"rs-button style-default icon-anim-flip-right text-anim-flip-top\" href=\"#\">\n\t\t\t                <span class=\"button-icon\">\n                    <svg xmlns=\"http:\/\/www.w3.org\/2000\/svg\" viewbox=\"0 0 18 12\"><path fill-rule=\"evenodd\" clip-rule=\"evenodd\" d=\"M16.2079 5.0991C14.0115 5.0991 12.0097 3.0991 12.0097 0.900901V0H10.2079V0.900901C10.2079 2.4991 10.9088 3.9982 12.0088 5.0991H0.892578V6.9009H12.0088C10.9088 8.0018 10.2079 9.5009 10.2079 11.0991V12H12.0097V11.0991C12.0097 8.9018 14.0115 6.9009 16.2079 6.9009H17.1088V5.0991H16.2079Z\"><\/path><\/svg><svg xmlns=\"http:\/\/www.w3.org\/2000\/svg\" viewbox=\"0 0 18 12\"><path fill-rule=\"evenodd\" clip-rule=\"evenodd\" d=\"M16.2079 5.0991C14.0115 5.0991 12.0097 3.0991 12.0097 0.900901V0H10.2079V0.900901C10.2079 2.4991 10.9088 3.9982 12.0088 5.0991H0.892578V6.9009H12.0088C10.9088 8.0018 10.2079 9.5009 10.2079 11.0991V12H12.0097V11.0991C12.0097 8.9018 14.0115 6.9009 16.2079 6.9009H17.1088V5.0991H16.2079Z\"><\/path><\/svg>                <\/span>\n\t\t\t\t\t\t                <span class=\"button-text\" data-text=\"Voir la cha\u00eene\">\n                    Voir la cha\u00eene                <\/span>\n\t\t\t        <\/a>\n\t\t\t\t\t\t<\/div>\n\t\t\t\t<\/div>\n\t\t\t\t<div class=\"elementor-element elementor-element-d626f31 elementor-widget elementor-widget-fpg-post-group\" data-id=\"d626f31\" data-element_type=\"widget\" data-e-type=\"widget\" data-settings=\"{&quot;thumbnail_type_group_large&quot;:&quot;image&quot;,&quot;thumbnail_type&quot;:&quot;image&quot;}\" data-widget_type=\"fpg-post-group.default\">\n\t\t\t\t<div class=\"elementor-widget-container\">\n\t\t\t\t\t\n        <div class=\"fpg-post-group fpg-post-group-one\" style=\"--total-post:3\">\n\t\t\t\n        <div class=\"fpg-card-style style-floating card-large\">\n\t\t\t                <div class=\"fpg-post-thumb\">\n\t\t\t\t\t                        <a href=\"https:\/\/voirfaso.com\/fr\/pnet-2026-burkina-faso-recompense-entrepreneur-innovent\/\" class=\"image-link\">\n\t\t\t\t\t\t\t<img loading=\"lazy\" decoding=\"async\" width=\"900\" height=\"506\" src=\"https:\/\/voirfaso.com\/wp-content\/uploads\/2025\/10\/Science-Website-in-Dark-Brown-Grey-Image-Led-Style-8.svg\" class=\"attachment-large size-large wp-post-image\" alt=\"La Directrice g\u00e9n\u00e9rale du Tourisme proc\u00e8de \u00e0 l\u2019inscription officielle au concours, devant la banderole de la conf\u00e9rence de presse de lancement de la 8\u1d49 \u00e9dition du PNET.\" \/>                        <\/a>\n\t\t\t\t\t<div class=\"thumb-overlay\"><\/div>                <\/div>\n\t\t\t            <div class=\"fpg-post-content\">\n\t\t\t\t                <div class=\"fpg-post-content-inner\">\n\t\t\t\t\t<div class=\"fpg-post-cat\">                            <a href=\"https:\/\/voirfaso.com\/fr\/category\/tourisme\/\"\n                               class=\"post-cat\"\n                               style=\"--catCurrentBgColor: #edb936;--catCurrentColor: #ffffff;\">\n\t\t\t\t\t\t\t\tTourisme                            <\/a>\n\t\t\t\t\t\t<\/div><h3 class=\"fpg-post-title\"><a href=\"https:\/\/voirfaso.com\/fr\/pnet-2026-burkina-faso-recompense-entrepreneur-innovent\/\">PNET 2026 : le Burkina Faso r\u00e9compense les entrepreneurs qui innovent dans le secteur du tourisme<\/a><\/h3>                <\/div>\n\t\t\t\t            <ul class=\"fpg-post-meta\">\n\t\t\t\t<li><span class=\"fpg-meta\"> <span>Par <a href=\"https:\/\/voirfaso.com\/fr\/author\/mbinaha3gmail-com\/\" class=\"fpg-author-link\">Yamix<\/span><\/a><\/span><\/li><li><span class=\"fpg-meta\"><i class=\"ri-pulse-fill\"><\/i> 28 Views<\/span><\/li><li><span class=\"fpg-meta\"><i class=\"ri-calendar-line\"><\/i> mai 13, 2026<\/span><\/li>            <\/ul>\n\t\t\t            <\/div>\n        <\/div>\n\t\n<div class=\"fpg-card-style style-two\">\n            <div class=\"fpg-post-thumb\">\n                            <a href=\"https:\/\/voirfaso.com\/fr\/premier-ministre-producteurs-bama-offensive-agropastorale\/\" class=\"image-link\">\n                    <img loading=\"lazy\" decoding=\"async\" width=\"150\" height=\"84\" src=\"https:\/\/voirfaso.com\/wp-content\/uploads\/2025\/10\/Le-Premier-ministre-echange-avec-des-producteurs-a-Bama.svg\" class=\"attachment-thumbnail size-thumbnail wp-post-image\" alt=\"Le Premier ministre \u00e9change avec des producteurs agricoles lors d\u2019une visite de terrain \u00e0 Bama.\" \/>                <\/a>\n            \n\t                <\/div>\n        <div class=\"fpg-post-content\">\n                <div class=\"fpg-post-content-inner\">\n            <div class=\"fpg-post-cat\">                            <a href=\"https:\/\/voirfaso.com\/fr\/category\/environnement\/\"\n                            class=\"post-cat\"\n                            style=\"--catCurrentBgColor: #81d742;--catCurrentColor: #ffffff;\">\n                                Environnement                            <\/a>\n                        <\/div><h6 class=\"fpg-post-title\"><a href=\"https:\/\/voirfaso.com\/fr\/premier-ministre-producteurs-bama-offensive-agropastorale\/\">\u00c0 Bama, le Premier ministre salue les efforts des producteurs pour la souverainet\u00e9 alimentaire<\/a><\/h6>        <\/div>\n            <ul class=\"fpg-post-meta\">\n        <li><span class=\"fpg-meta\"> <span>Par <a href=\"https:\/\/voirfaso.com\/fr\/author\/mbinaha3gmail-com\/\" class=\"fpg-author-link\">Yamix<\/a><\/span><\/span><\/li><li><span class=\"fpg-meta\"><i class=\"ri-pulse-fill\"><\/i> 32 Views<\/span><\/li>    <\/ul>\n        <\/div>\n<\/div>\n<div class=\"fpg-card-style style-two\">\n            <div class=\"fpg-post-thumb\">\n                            <a href=\"https:\/\/voirfaso.com\/fr\/grand-prix-fesma-des-saveurs-le-burkina-faso-sacre-champion-a-lome\/\" class=\"image-link\">\n                    <img loading=\"lazy\" decoding=\"async\" width=\"150\" height=\"84\" src=\"https:\/\/voirfaso.com\/wp-content\/uploads\/2025\/10\/Le-trophee-du-Grand-Prix-FESMA-des-Saveurs-remporte-par-le-Burkina-Faso-1.svg\" class=\"attachment-thumbnail size-thumbnail wp-post-image\" alt=\"Troph\u00e9e du Grand Prix FESMA des Saveurs remport\u00e9 par le Burkina Faso\" \/>                <\/a>\n            \n\t                <\/div>\n        <div class=\"fpg-post-content\">\n                <div class=\"fpg-post-content-inner\">\n            <div class=\"fpg-post-cat\">                            <a href=\"https:\/\/voirfaso.com\/fr\/category\/gastronomie\/\"\n                            class=\"post-cat\"\n                            style=\"--catCurrentBgColor: #6a1b9a;--catCurrentColor: #ffffff;\">\n                                Gastronomie                            <\/a>\n                                                    <a href=\"https:\/\/voirfaso.com\/fr\/category\/tourisme\/\"\n                            class=\"post-cat\"\n                            style=\"--catCurrentBgColor: #edb936;--catCurrentColor: #ffffff;\">\n                                Tourisme                            <\/a>\n                        <\/div><h6 class=\"fpg-post-title\"><a href=\"https:\/\/voirfaso.com\/fr\/grand-prix-fesma-des-saveurs-le-burkina-faso-sacre-champion-a-lome\/\">Grand Prix FESMA des Saveurs : le Burkina Faso sacr\u00e9 champion \u00e0 Lom\u00e9<\/a><\/h6>        <\/div>\n            <ul class=\"fpg-post-meta\">\n        <li><span class=\"fpg-meta\"> <span>Par <a href=\"https:\/\/voirfaso.com\/fr\/author\/mbinaha3gmail-com\/\" class=\"fpg-author-link\">Yamix<\/a><\/span><\/span><\/li><li><span class=\"fpg-meta\"><i class=\"ri-pulse-fill\"><\/i> 46 Views<\/span><\/li>    <\/ul>\n        <\/div>\n<\/div>\n<div class=\"fpg-card-style style-two\">\n            <div class=\"fpg-post-thumb\">\n                            <a href=\"https:\/\/voirfaso.com\/fr\/rn9-le-nouveau-dalot-de-bama-mis-en-service-pour-retablir-la-circulation-toute-lannee\/\" class=\"image-link\">\n                    <img loading=\"lazy\" decoding=\"async\" width=\"150\" height=\"84\" src=\"https:\/\/voirfaso.com\/wp-content\/uploads\/2025\/10\/Nouveau-dalot-de-Bama-sur-la-RN9.svg\" class=\"attachment-thumbnail size-thumbnail wp-post-image\" alt=\"Nouveau dalot multicellulaire mis en service sur la RN9 \u00e0 Bama\" \/>                <\/a>\n            \n\t                <\/div>\n        <div class=\"fpg-post-content\">\n                <div class=\"fpg-post-content-inner\">\n            <div class=\"fpg-post-cat\">                            <a href=\"https:\/\/voirfaso.com\/fr\/category\/transport-mobilite\/\"\n                            class=\"post-cat\"\n                            style=\"--catCurrentBgColor: #01a80c;--catCurrentColor: #ffffff;\">\n                                Transport &amp; Mobilit\u00e9                            <\/a>\n                        <\/div><h6 class=\"fpg-post-title\"><a href=\"https:\/\/voirfaso.com\/fr\/rn9-le-nouveau-dalot-de-bama-mis-en-service-pour-retablir-la-circulation-toute-lannee\/\">RN9 : le nouveau dalot de Bama mis en service pour r\u00e9tablir la circulation toute l\u2019ann\u00e9e<\/a><\/h6>        <\/div>\n            <ul class=\"fpg-post-meta\">\n        <li><span class=\"fpg-meta\"> <span>Par <a href=\"https:\/\/voirfaso.com\/fr\/author\/mbinaha3gmail-com\/\" class=\"fpg-author-link\">Yamix<\/a><\/span><\/span><\/li><li><span class=\"fpg-meta\"><i class=\"ri-pulse-fill\"><\/i> 37 Views<\/span><\/li>    <\/ul>\n        <\/div>\n<\/div>        <\/div>\n\t\t\n\t\t\t\t\t<\/div>\n\t\t\t\t<\/div>\n\t\t\t\t<\/div>\n\t\t\t\t\t<\/div>\n\t\t\t\t<\/div>\n\t\t\n<\/div>\n<div class=\"elementor-element elementor-element-0c15ceb e-con e-atomic-element e-flexbox-base e-83c6d70\" data-id=\"0c15ceb\" data-element_type=\"e-flexbox\" data-e-type=\"e-flexbox\" data-interaction-id=\"0c15ceb\">\n    <div class=\"elementor-element elementor-element-8d3cd28 e-con e-atomic-element e-flexbox-base e-8d3cd28-fc6533b\" data-id=\"8d3cd28\" data-element_type=\"e-flexbox\" data-e-type=\"e-flexbox\" data-interaction-id=\"8d3cd28\">\n    <div class=\"elementor-element elementor-element-b55bf77 e-con e-atomic-element e-flexbox-base e-b55bf77-5050077\" data-id=\"b55bf77\" data-element_type=\"e-flexbox\" data-e-type=\"e-flexbox\" data-interaction-id=\"b55bf77\">\n    <div class=\"elementor-element elementor-element-88d7496 e-con-full e-flex e-con e-child\" data-id=\"88d7496\" data-element_type=\"container\" data-e-type=\"container\">\n\t\t\t\t<div class=\"elementor-element elementor-element-a7b0d14 elementor-widget elementor-widget-image\" data-id=\"a7b0d14\" data-element_type=\"widget\" data-e-type=\"widget\" data-widget_type=\"image.default\">\n\t\t\t\t\t\t\t\t\t\t\t\t\t\t\t<img loading=\"lazy\" decoding=\"async\" width=\"1430\" height=\"236\" src=\"https:\/\/voirfaso.com\/wp-content\/uploads\/2026\/08\/Banniere-Linkedin-professionnelle-nouveau-site-internet-vert-1430-x-236-px.svg\" class=\"attachment-full size-full wp-image-8300\" alt=\"\" \/>\t\t\t\t\t\t\t\t\t\t\t\t\t\t\t<\/div>\n\t\t\t\t<\/div>\n\t\t\n<\/div>\n\n<\/div>\n\n<\/div>\n<div class=\"elementor-element elementor-element-5a1ece3 e-flex e-con-boxed e-con e-parent\" data-id=\"5a1ece3\" data-element_type=\"container\" data-e-type=\"container\" data-settings=\"{&quot;background_background&quot;:&quot;classic&quot;}\">\n\t\t\t\t\t<div class=\"e-con-inner\">\n\t\t<div class=\"elementor-element elementor-element-a0f0372 e-con-full e-flex e-con e-child\" data-id=\"a0f0372\" data-element_type=\"container\" data-e-type=\"container\">\n\t\t\t\t<div class=\"elementor-element elementor-element-791af7e elementor-widget elementor-widget-heading\" data-id=\"791af7e\" data-element_type=\"widget\" data-e-type=\"widget\" data-widget_type=\"heading.default\">\n\t\t\t\t\t<h2 class=\"elementor-heading-title elementor-size-default\">Explorer les cat\u00e9gories<\/h2>\t\t\t\t<\/div>\n\t\t\t\t<div class=\"elementor-element elementor-element-567145a elementor-hidden-tablet_extra elementor-hidden-tablet elementor-hidden-mobile elementor-widget elementor-widget-fpg-button\" data-id=\"567145a\" data-element_type=\"widget\" data-e-type=\"widget\" data-widget_type=\"fpg-button.default\">\n\t\t\t\t<div class=\"elementor-widget-container\">\n\t\t\t\t\t        <a class=\"rs-button style-default icon-anim-flip-right text-anim-flip-top\" href=\"https:\/\/nerio.rstheme.com\/travel-news\/category\/tech\/\">\n\t\t\t                <span class=\"button-icon\">\n                    <svg xmlns=\"http:\/\/www.w3.org\/2000\/svg\" viewbox=\"0 0 18 12\"><path fill-rule=\"evenodd\" clip-rule=\"evenodd\" d=\"M16.2079 5.0991C14.0115 5.0991 12.0097 3.0991 12.0097 0.900901V0H10.2079V0.900901C10.2079 2.4991 10.9088 3.9982 12.0088 5.0991H0.892578V6.9009H12.0088C10.9088 8.0018 10.2079 9.5009 10.2079 11.0991V12H12.0097V11.0991C12.0097 8.9018 14.0115 6.9009 16.2079 6.9009H17.1088V5.0991H16.2079Z\"><\/path><\/svg><svg xmlns=\"http:\/\/www.w3.org\/2000\/svg\" viewbox=\"0 0 18 12\"><path fill-rule=\"evenodd\" clip-rule=\"evenodd\" d=\"M16.2079 5.0991C14.0115 5.0991 12.0097 3.0991 12.0097 0.900901V0H10.2079V0.900901C10.2079 2.4991 10.9088 3.9982 12.0088 5.0991H0.892578V6.9009H12.0088C10.9088 8.0018 10.2079 9.5009 10.2079 11.0991V12H12.0097V11.0991C12.0097 8.9018 14.0115 6.9009 16.2079 6.9009H17.1088V5.0991H16.2079Z\"><\/path><\/svg>                <\/span>\n\t\t\t\t\t\t                <span class=\"button-text\" data-text=\"Tout afficher\">\n                    Tout afficher                <\/span>\n\t\t\t        <\/a>\n\t\t\t\t\t\t<\/div>\n\t\t\t\t<\/div>\n\t\t\t\t<div class=\"elementor-element elementor-element-cf26428 elementor-widget__width-inherit elementor-widget elementor-widget-fpg-post-categories\" data-id=\"cf26428\" data-element_type=\"widget\" data-e-type=\"widget\" data-widget_type=\"fpg-post-categories.default\">\n\t\t\t\t<div class=\"elementor-widget-container\">\n\t\t\t\t\t\n\t\t            <div class=\"fpg-post-categories fpg-post-categories-one\">\n\t\t\t\t\n            <a class=\"fpg-cat-item\"\n               href=\"https:\/\/voirfaso.com\/fr\/category\/tourisme\/\" >\n\n\t\t\t\t                    <div class=\"fpg-cat-image\">\n\t\t\t\t\t\t<img loading=\"lazy\" decoding=\"async\" width=\"768\" height=\"1365\" src=\"https:\/\/voirfaso.com\/wp-content\/uploads\/2026\/07\/Copy-of-Untitled-Brand-Template.svg\" class=\"attachment-medium_large size-medium_large\" alt=\"D\u00f4mes de Fab\u00e9dougou, site touristique naturel situ\u00e9 dans la r\u00e9gion du Guiriko au Burkina Faso.\" \/>                    <\/div>\n\t\t\t\t\n                <div class=\"fpg-cat-content\">\n                    <div class=\"fpg-cat-text-wrapper\">\n                        <h6 class=\"fpg-cat-title\">Tourisme<\/h6>\n\t\t\t\t\t\t                            <span class=\"fpg-cat-count\">\n                                15 Articles                            <\/span>\n\t\t\t\t\t\t                    <\/div>\n\n\t\t\t\t\t                        <div class=\"fpg-cat-btn\">\n                            <span>\n                                <i class=\"ri-arrow-right-line\"><\/i>\n                                <i class=\"ri-arrow-right-line\"><\/i>\n                            <\/span>\n                        <\/div>\n\t\t\t\t\t                <\/div>\n            <\/a>\n\t\t\n            <a class=\"fpg-cat-item\"\n               href=\"https:\/\/voirfaso.com\/fr\/category\/environnement\/\" >\n\n\t\t\t\t                    <div class=\"fpg-cat-image\">\n\t\t\t\t\t\t<img loading=\"lazy\" decoding=\"async\" width=\"1\" height=\"1\" src=\"https:\/\/voirfaso.com\/wp-content\/uploads\/2026\/07\/Science-Website-in-Dark-Brown-Grey-Image-Led-Style-17.svg\" class=\"attachment-medium_large size-medium_large\" alt=\"\" \/>                    <\/div>\n\t\t\t\t\n                <div class=\"fpg-cat-content\">\n                    <div class=\"fpg-cat-text-wrapper\">\n                        <h6 class=\"fpg-cat-title\">Environnement<\/h6>\n\t\t\t\t\t\t                            <span class=\"fpg-cat-count\">\n                                11 Articles                            <\/span>\n\t\t\t\t\t\t                    <\/div>\n\n\t\t\t\t\t                        <div class=\"fpg-cat-btn\">\n                            <span>\n                                <i class=\"ri-arrow-right-line\"><\/i>\n                                <i class=\"ri-arrow-right-line\"><\/i>\n                            <\/span>\n                        <\/div>\n\t\t\t\t\t                <\/div>\n            <\/a>\n\t\t\n            <a class=\"fpg-cat-item\"\n               href=\"https:\/\/voirfaso.com\/fr\/category\/transport-mobilite\/\" >\n\n\t\t\t\t                    <div class=\"fpg-cat-image\">\n\t\t\t\t\t\t<img loading=\"lazy\" decoding=\"async\" width=\"768\" height=\"432\" src=\"https:\/\/voirfaso.com\/wp-content\/uploads\/2026\/07\/Science-Website-in-Dark-Brown-Grey-Image-Led-Style-19.svg\" class=\"attachment-medium_large size-medium_large\" alt=\"\" \/>                    <\/div>\n\t\t\t\t\n                <div class=\"fpg-cat-content\">\n                    <div class=\"fpg-cat-text-wrapper\">\n                        <h6 class=\"fpg-cat-title\">Transport &amp; Mobilit\u00e9<\/h6>\n\t\t\t\t\t\t                            <span class=\"fpg-cat-count\">\n                                7 Articles                            <\/span>\n\t\t\t\t\t\t                    <\/div>\n\n\t\t\t\t\t                        <div class=\"fpg-cat-btn\">\n                            <span>\n                                <i class=\"ri-arrow-right-line\"><\/i>\n                                <i class=\"ri-arrow-right-line\"><\/i>\n                            <\/span>\n                        <\/div>\n\t\t\t\t\t                <\/div>\n            <\/a>\n\t\t\n            <a class=\"fpg-cat-item\"\n               href=\"https:\/\/voirfaso.com\/fr\/category\/culture-patrimoine\/\" >\n\n\t\t\t\t                    <div class=\"fpg-cat-image\">\n\t\t\t\t\t\t<img loading=\"lazy\" decoding=\"async\" width=\"768\" height=\"432\" src=\"https:\/\/voirfaso.com\/wp-content\/uploads\/2026\/07\/Science-Website-in-Dark-Brown-Grey-Image-Led-Style-20.svg\" class=\"attachment-medium_large size-medium_large\" alt=\"\" \/>                    <\/div>\n\t\t\t\t\n                <div class=\"fpg-cat-content\">\n                    <div class=\"fpg-cat-text-wrapper\">\n                        <h6 class=\"fpg-cat-title\">Culture &amp; Patrimoine<\/h6>\n\t\t\t\t\t\t                            <span class=\"fpg-cat-count\">\n                                7 Articles                            <\/span>\n\t\t\t\t\t\t                    <\/div>\n\n\t\t\t\t\t                        <div class=\"fpg-cat-btn\">\n                            <span>\n                                <i class=\"ri-arrow-right-line\"><\/i>\n                                <i class=\"ri-arrow-right-line\"><\/i>\n                            <\/span>\n                        <\/div>\n\t\t\t\t\t                <\/div>\n            <\/a>\n\t\t\n            <a class=\"fpg-cat-item\"\n               href=\"https:\/\/voirfaso.com\/fr\/category\/investissement-touristique\/\" >\n\n\t\t\t\t                    <div class=\"fpg-cat-image\">\n\t\t\t\t\t\t<img loading=\"lazy\" decoding=\"async\" width=\"768\" height=\"432\" src=\"https:\/\/voirfaso.com\/wp-content\/uploads\/2026\/07\/Science-Website-in-Dark-Brown-Grey-Image-Led-Style-22.svg\" class=\"attachment-medium_large size-medium_large\" alt=\"Le Directeur g\u00e9n\u00e9ral des Transports terrestres et maritimes r\u00e9pond aux questions des journalistes \u00e0 l\u2019issue de la session de formation, entour\u00e9 de membres de son \u00e9quipe.\" \/>                    <\/div>\n\t\t\t\t\n                <div class=\"fpg-cat-content\">\n                    <div class=\"fpg-cat-text-wrapper\">\n                        <h6 class=\"fpg-cat-title\">Investissements touristiques<\/h6>\n\t\t\t\t\t\t                            <span class=\"fpg-cat-count\">\n                                6 articles                            <\/span>\n\t\t\t\t\t\t                    <\/div>\n\n\t\t\t\t\t                        <div class=\"fpg-cat-btn\">\n                            <span>\n                                <i class=\"ri-arrow-right-line\"><\/i>\n                                <i class=\"ri-arrow-right-line\"><\/i>\n                            <\/span>\n                        <\/div>\n\t\t\t\t\t                <\/div>\n            <\/a>\n\t\t\n            <a class=\"fpg-cat-item\"\n               href=\"https:\/\/voirfaso.com\/fr\/category\/destinations-touristiques-burkina-faso\/\" >\n\n\t\t\t\t                    <div class=\"fpg-cat-image\">\n\t\t\t\t\t\t<img loading=\"lazy\" decoding=\"async\" width=\"1\" height=\"1\" src=\"https:\/\/voirfaso.com\/wp-content\/uploads\/2026\/07\/Science-Website-in-Dark-Brown-Grey-Image-Led-Style-15.svg\" class=\"attachment-medium_large size-medium_large\" alt=\"\" \/>                    <\/div>\n\t\t\t\t\n                <div class=\"fpg-cat-content\">\n                    <div class=\"fpg-cat-text-wrapper\">\n                        <h6 class=\"fpg-cat-title\">Destinations touristiques<\/h6>\n\t\t\t\t\t\t                            <span class=\"fpg-cat-count\">\n                                5 articles                            <\/span>\n\t\t\t\t\t\t                    <\/div>\n\n\t\t\t\t\t                        <div class=\"fpg-cat-btn\">\n                            <span>\n                                <i class=\"ri-arrow-right-line\"><\/i>\n                                <i class=\"ri-arrow-right-line\"><\/i>\n                            <\/span>\n                        <\/div>\n\t\t\t\t\t                <\/div>\n            <\/a>\n\t\t\n            <a class=\"fpg-cat-item\"\n               href=\"https:\/\/voirfaso.com\/fr\/category\/ecotourisme\/\" >\n\n\t\t\t\t                    <div class=\"fpg-cat-image\">\n\t\t\t\t\t\t<img loading=\"lazy\" decoding=\"async\" width=\"768\" height=\"432\" src=\"https:\/\/voirfaso.com\/wp-content\/uploads\/2026\/08\/Science-Website-in-Dark-Brown-Grey-Image-Led-Style-23.svg\" class=\"attachment-medium_large size-medium_large\" alt=\"\" \/>                    <\/div>\n\t\t\t\t\n                <div class=\"fpg-cat-content\">\n                    <div class=\"fpg-cat-text-wrapper\">\n                        <h6 class=\"fpg-cat-title\">\u00c9cotourisme<\/h6>\n\t\t\t\t\t\t                            <span class=\"fpg-cat-count\">\n                                5 articles                            <\/span>\n\t\t\t\t\t\t                    <\/div>\n\n\t\t\t\t\t                        <div class=\"fpg-cat-btn\">\n                            <span>\n                                <i class=\"ri-arrow-right-line\"><\/i>\n                                <i class=\"ri-arrow-right-line\"><\/i>\n                            <\/span>\n                        <\/div>\n\t\t\t\t\t                <\/div>\n            <\/a>\n\t\t\n            <a class=\"fpg-cat-item\"\n               href=\"https:\/\/voirfaso.com\/fr\/category\/hebergement-touristique\/\" >\n\n\t\t\t\t                    <div class=\"fpg-cat-image\">\n\t\t\t\t\t\t<img loading=\"lazy\" decoding=\"async\" width=\"768\" height=\"432\" src=\"https:\/\/voirfaso.com\/wp-content\/uploads\/2026\/07\/Science-Website-in-Dark-Brown-Grey-Image-Led-Style-18.svg\" class=\"attachment-medium_large size-medium_large\" alt=\"\" \/>                    <\/div>\n\t\t\t\t\n                <div class=\"fpg-cat-content\">\n                    <div class=\"fpg-cat-text-wrapper\">\n                        <h6 class=\"fpg-cat-title\">H\u00e9bergement touristique<\/h6>\n\t\t\t\t\t\t                            <span class=\"fpg-cat-count\">\n                                4 articles                            <\/span>\n\t\t\t\t\t\t                    <\/div>\n\n\t\t\t\t\t                        <div class=\"fpg-cat-btn\">\n                            <span>\n                                <i class=\"ri-arrow-right-line\"><\/i>\n                                <i class=\"ri-arrow-right-line\"><\/i>\n                            <\/span>\n                        <\/div>\n\t\t\t\t\t                <\/div>\n            <\/a>\n\t\t\n            <a class=\"fpg-cat-item\"\n               href=\"https:\/\/voirfaso.com\/fr\/category\/patrimoine-naturel\/\" >\n\n\t\t\t\t                    <div class=\"fpg-cat-image\">\n\t\t\t\t\t\t<img loading=\"lazy\" decoding=\"async\" width=\"1\" height=\"1\" src=\"https:\/\/voirfaso.com\/wp-content\/uploads\/2026\/07\/Science-Website-in-Dark-Brown-Grey-Image-Led-Style-16-1.svg\" class=\"attachment-medium_large size-medium_large\" alt=\"\" \/>                    <\/div>\n\t\t\t\t\n                <div class=\"fpg-cat-content\">\n                    <div class=\"fpg-cat-text-wrapper\">\n                        <h6 class=\"fpg-cat-title\">Patrimoine naturel<\/h6>\n\t\t\t\t\t\t                            <span class=\"fpg-cat-count\">\n                                3 articles                            <\/span>\n\t\t\t\t\t\t                    <\/div>\n\n\t\t\t\t\t                        <div class=\"fpg-cat-btn\">\n                            <span>\n                                <i class=\"ri-arrow-right-line\"><\/i>\n                                <i class=\"ri-arrow-right-line\"><\/i>\n                            <\/span>\n                        <\/div>\n\t\t\t\t\t                <\/div>\n            <\/a>\n\t\t\n            <a class=\"fpg-cat-item\"\n               href=\"https:\/\/voirfaso.com\/fr\/category\/gastronomie\/\" >\n\n\t\t\t\t                    <div class=\"fpg-cat-image\">\n\t\t\t\t\t\t<img loading=\"lazy\" decoding=\"async\" width=\"768\" height=\"432\" src=\"https:\/\/voirfaso.com\/wp-content\/uploads\/2026\/07\/Science-Website-in-Dark-Brown-Grey-Image-Led-Style-21.svg\" class=\"attachment-medium_large size-medium_large\" alt=\"\" \/>                    <\/div>\n\t\t\t\t\n                <div class=\"fpg-cat-content\">\n                    <div class=\"fpg-cat-text-wrapper\">\n                        <h6 class=\"fpg-cat-title\">Gastronomie<\/h6>\n\t\t\t\t\t\t                            <span class=\"fpg-cat-count\">\n                                1 Articles                            <\/span>\n\t\t\t\t\t\t                    <\/div>\n\n\t\t\t\t\t                        <div class=\"fpg-cat-btn\">\n                            <span>\n                                <i class=\"ri-arrow-right-line\"><\/i>\n                                <i class=\"ri-arrow-right-line\"><\/i>\n                            <\/span>\n                        <\/div>\n\t\t\t\t\t                <\/div>\n            <\/a>\n\t\t\n            <a class=\"fpg-cat-item\"\n               href=\"https:\/\/voirfaso.com\/fr\/category\/uncategorized\/\" >\n\n\t\t\t\t\n                <div class=\"fpg-cat-content\">\n                    <div class=\"fpg-cat-text-wrapper\">\n                        <h6 class=\"fpg-cat-title\">Non cat\u00e9goris\u00e9<\/h6>\n\t\t\t\t\t\t                            <span class=\"fpg-cat-count\">\n                                1 Articles                            <\/span>\n\t\t\t\t\t\t                    <\/div>\n\n\t\t\t\t\t                        <div class=\"fpg-cat-btn\">\n                            <span>\n                                <i class=\"ri-arrow-right-line\"><\/i>\n                                <i class=\"ri-arrow-right-line\"><\/i>\n                            <\/span>\n                        <\/div>\n\t\t\t\t\t                <\/div>\n            <\/a>\n\t\t            <\/div>\n\t\t\t\t\t\t<\/div>\n\t\t\t\t<\/div>\n\t\t\t\t<\/div>\n\t\t\t\t\t<\/div>\n\t\t\t\t<\/div>\n\t\t<div class=\"elementor-element elementor-element-0601e0d e-flex e-con-boxed e-con e-parent\" data-id=\"0601e0d\" data-element_type=\"container\" data-e-type=\"container\" data-settings=\"{&quot;background_background&quot;:&quot;classic&quot;}\">\n\t\t\t\t\t<div class=\"e-con-inner\">\n\t\t<div class=\"elementor-element elementor-element-992f493 e-con-full e-flex e-con e-child\" data-id=\"992f493\" data-element_type=\"container\" data-e-type=\"container\">\n\t\t<div class=\"elementor-element elementor-element-95c6c73 e-con-full e-flex e-con e-child\" data-id=\"95c6c73\" data-element_type=\"container\" data-e-type=\"container\">\n\t\t\t\t<\/div>\n\t\t\t\t<div class=\"elementor-element elementor-element-9e1ba16 elementor-widget elementor-widget-fpg-post-grid\" data-id=\"9e1ba16\" data-element_type=\"widget\" data-e-type=\"widget\" data-settings=\"{&quot;thumbnail_type&quot;:&quot;image&quot;}\" data-widget_type=\"fpg-post-grid.default\">\n\t\t\t\t<div class=\"elementor-widget-container\">\n\t\t\t\t\t\n        <div class=\"fpg-post-parent\">\n            <div class=\"fpg-post-grid\">\n\t\t\t\t\n<div class=\"fpg-card-style style-two\">\n\t        <div class=\"fpg-post-thumb\">\n\t\t\t                <a href=\"https:\/\/voirfaso.com\/fr\/froid-et-climatisation-le-burkina-prepare-un-systeme-national-de-certification-des-techniciens\/\" class=\"image-link\">\n\t\t\t\t\t<img loading=\"lazy\" decoding=\"async\" width=\"150\" height=\"150\" src=\"https:\/\/voirfaso.com\/wp-content\/uploads\/2026\/08\/Techniciens-du-froid-150x150.jpg\" class=\"attachment-thumbnail size-thumbnail wp-post-image\" alt=\"Techniciens en formation dans le secteur de la r\u00e9frig\u00e9ration et de la climatisation au Burkina Faso\" srcset=\"https:\/\/voirfaso.com\/wp-content\/uploads\/2026\/08\/Techniciens-du-froid-150x150.jpg 150w, https:\/\/voirfaso.com\/wp-content\/uploads\/2026\/08\/Techniciens-du-froid-300x300.jpg 300w\" sizes=\"(max-width: 150px) 100vw, 150px\" \/>                <\/a>\n\t\t\t\t\t\t        <\/div>\n\t    <div class=\"fpg-post-content\">\n\t\t        <div class=\"fpg-post-content-inner\">\n\t\t\t<div class=\"fpg-post-cat\">                    <a href=\"https:\/\/voirfaso.com\/fr\/category\/environnement\/\"\n                       class=\"post-cat\"\n                       style=\"--catCurrentBgColor: #81d742;--catCurrentColor: #ffffff;\">\n\t\t\t\t\t\tEnvironnement                    <\/a>\n\t\t\t\t<\/div><h6 class=\"fpg-post-title\"><a href=\"https:\/\/voirfaso.com\/fr\/froid-et-climatisation-le-burkina-prepare-un-systeme-national-de-certification-des-techniciens\/\">Froid et climatisation : le Burkina pr\u00e9pare un syst\u00e8me national de certification des techniciens<\/a><\/h6>        <\/div>\n\t\t    <ul class=\"fpg-post-meta\">\n\t\t<li><span class=\"fpg-meta\"> <span>Par <a href=\"https:\/\/voirfaso.com\/fr\/author\/mbinaha3gmail-com\/\" class=\"fpg-author-link\">Yamix<\/a><\/span><\/span><\/li><li><span class=\"fpg-meta\"><i class=\"ri-pulse-fill\"><\/i> 94 Views<\/span><\/li><li><span class=\"fpg-meta\"><i class=\"ri-calendar-line\"><\/i> ao\u00fbt 30, 2026<\/span><\/li>    <\/ul>\n\t    <\/div>\n<\/div>\n<div class=\"fpg-card-style style-two\">\n\t        <div class=\"fpg-post-thumb\">\n\t\t\t                <a href=\"https:\/\/voirfaso.com\/fr\/tourisme-les-acteurs-du-guiriko-sorganisent-pour-parler-dune-seule-voix\/\" class=\"image-link\">\n\t\t\t\t\t<img loading=\"lazy\" decoding=\"async\" width=\"150\" height=\"84\" src=\"https:\/\/voirfaso.com\/wp-content\/uploads\/2026\/08\/photo-de-groupe-avec-les-participants-et-le-bureau-installe.svg\" class=\"attachment-thumbnail size-thumbnail wp-post-image\" alt=\"photo de groupe avec les participants et le bureau install\u00e9.\" \/>                <\/a>\n\t\t\t\t\t\t        <\/div>\n\t    <div class=\"fpg-post-content\">\n\t\t        <div class=\"fpg-post-content-inner\">\n\t\t\t<div class=\"fpg-post-cat\">                    <a href=\"https:\/\/voirfaso.com\/fr\/category\/tourisme\/\"\n                       class=\"post-cat\"\n                       style=\"--catCurrentBgColor: #edb936;--catCurrentColor: #ffffff;\">\n\t\t\t\t\t\tTourisme                    <\/a>\n\t\t\t\t<\/div><h6 class=\"fpg-post-title\"><a href=\"https:\/\/voirfaso.com\/fr\/tourisme-les-acteurs-du-guiriko-sorganisent-pour-parler-dune-seule-voix\/\">Tourisme : les acteurs du Guiriko s\u2019organisent pour parler d\u2019une seule voix<\/a><\/h6>        <\/div>\n\t\t    <ul class=\"fpg-post-meta\">\n\t\t<li><span class=\"fpg-meta\"> <span>Par <a href=\"https:\/\/voirfaso.com\/fr\/author\/mbinaha3gmail-com\/\" class=\"fpg-author-link\">Yamix<\/a><\/span><\/span><\/li><li><span class=\"fpg-meta\"><i class=\"ri-pulse-fill\"><\/i> 53 Views<\/span><\/li><li><span class=\"fpg-meta\"><i class=\"ri-calendar-line\"><\/i> ao\u00fbt 21, 2026<\/span><\/li>    <\/ul>\n\t    <\/div>\n<\/div>\n<div class=\"fpg-card-style style-two\">\n\t        <div class=\"fpg-post-thumb\">\n\t\t\t                <a href=\"https:\/\/voirfaso.com\/fr\/tourisme-dans-le-djoro-les-acteurs-alertent-sur-les-freins-a-la-valorisation-du-potentiel-regional\/\" class=\"image-link\">\n\t\t\t\t\t<img loading=\"lazy\" decoding=\"async\" width=\"150\" height=\"84\" src=\"https:\/\/voirfaso.com\/wp-content\/uploads\/2026\/08\/Les-acteurs-du-Djoro-echangent-avec-les-deputes-sur-le-tourisme.svg\" class=\"attachment-thumbnail size-thumbnail wp-post-image\" alt=\"Acteurs du tourisme du Dj\u00f4r\u00f4 lors de la mission d\u2019information des d\u00e9put\u00e9s\" \/>                <\/a>\n\t\t\t\t\t\t        <\/div>\n\t    <div class=\"fpg-post-content\">\n\t\t        <div class=\"fpg-post-content-inner\">\n\t\t\t<div class=\"fpg-post-cat\">                    <a href=\"https:\/\/voirfaso.com\/fr\/category\/tourisme\/\"\n                       class=\"post-cat\"\n                       style=\"--catCurrentBgColor: #edb936;--catCurrentColor: #ffffff;\">\n\t\t\t\t\t\tTourisme                    <\/a>\n\t\t\t\t<\/div><h6 class=\"fpg-post-title\"><a href=\"https:\/\/voirfaso.com\/fr\/tourisme-dans-le-djoro-les-acteurs-alertent-sur-les-freins-a-la-valorisation-du-potentiel-regional\/\">Tourisme dans le Dj\u00f4r\u00f4 : les acteurs tirent la sonnette d&#x27;alarme sur les obstacles \u00e0 la mise en valeur du potentiel r\u00e9gional<\/a><\/h6>        <\/div>\n\t\t    <ul class=\"fpg-post-meta\">\n\t\t<li><span class=\"fpg-meta\"> <span>Par <a href=\"https:\/\/voirfaso.com\/fr\/author\/mbinaha3gmail-com\/\" class=\"fpg-author-link\">Yamix<\/a><\/span><\/span><\/li><li><span class=\"fpg-meta\"><i class=\"ri-pulse-fill\"><\/i> 47 Views<\/span><\/li><li><span class=\"fpg-meta\"><i class=\"ri-calendar-line\"><\/i> ao\u00fbt 13, 2026<\/span><\/li>    <\/ul>\n\t    <\/div>\n<\/div>            <\/div>\n\n\t\t\t        <\/div>\n\t\t\t\t\t\t<\/div>\n\t\t\t\t<\/div>\n\t\t\t\t<\/div>\n\t\t\t\t\t<\/div>\n\t\t\t\t<\/div>\n\t\t<div class=\"elementor-element elementor-element-2203aca e-flex e-con-boxed e-con e-parent\" data-id=\"2203aca\" data-element_type=\"container\" data-e-type=\"container\">\n\t\t\t\t\t<div class=\"e-con-inner\">\n\t\t<div class=\"elementor-element elementor-element-3a744d8 e-con-full e-flex e-con e-child\" data-id=\"3a744d8\" data-element_type=\"container\" data-e-type=\"container\">\n\t\t<div class=\"elementor-element elementor-element-6a0af0a e-con-full e-flex e-con e-child\" data-id=\"6a0af0a\" data-element_type=\"container\" data-e-type=\"container\" data-settings=\"{&quot;background_background&quot;:&quot;classic&quot;}\">\n\t\t<div class=\"elementor-element elementor-element-7d607de e-con-full e-flex e-con e-child\" data-id=\"7d607de\" data-element_type=\"container\" data-e-type=\"container\">\n\t\t\t\t<div class=\"elementor-element elementor-element-120ba3f elementor-widget elementor-widget-heading\" data-id=\"120ba3f\" data-element_type=\"widget\" data-e-type=\"widget\" data-widget_type=\"heading.default\">\n\t\t\t\t\t<h3 class=\"elementor-heading-title elementor-size-default\">Abonnez-vous aux actualit\u00e9s !<\/h3>\t\t\t\t<\/div>\n\t\t\t\t<div class=\"elementor-element elementor-element-93b10ff elementor-widget__width-initial elementor-widget-mobile__width-inherit elementor-widget elementor-widget-fpg-cf7\" data-id=\"93b10ff\" data-element_type=\"widget\" data-e-type=\"widget\" data-widget_type=\"fpg-cf7.default\">\n\t\t\t\t<div class=\"elementor-widget-container\">\n\t\t\t\t\t\n<div class=\"wpcf7 no-js\" id=\"wpcf7-f709-o1\" lang=\"en-US\" dir=\"ltr\" data-wpcf7-id=\"709\">\n<div class=\"screen-reader-response\"><p role=\"status\" aria-live=\"polite\" aria-atomic=\"true\"><\/p> <ul><\/ul><\/div>\n<form action=\"\/fr\/wp-json\/wp\/v2\/pages\/184#wpcf7-f709-o1\" method=\"post\" class=\"wpcf7-form init\" aria-label=\"Contact form\" novalidate=\"novalidate\" data-status=\"init\" data-trp-original-action=\"\/fr\/wp-json\/wp\/v2\/pages\/184#wpcf7-f709-o1\">\n<fieldset class=\"hidden-fields-container\"><input type=\"hidden\" name=\"_wpcf7\" value=\"709\" \/><input type=\"hidden\" name=\"_wpcf7_version\" value=\"6.1.7\" \/><input type=\"hidden\" name=\"_wpcf7_locale\" value=\"en_US\" \/><input type=\"hidden\" name=\"_wpcf7_unit_tag\" value=\"wpcf7-f709-o1\" \/><input type=\"hidden\" name=\"_wpcf7_container_post\" value=\"0\" \/><input type=\"hidden\" name=\"_wpcf7_posted_data_hash\" value=\"\" \/>\n<\/fieldset>\n<p><span class=\"wpcf7-form-control-wrap\" data-name=\"your-email\"><input size=\"40\" maxlength=\"400\" class=\"wpcf7-form-control wpcf7-email wpcf7-validates-as-required wpcf7-text wpcf7-validates-as-email\" autocomplete=\"email\" aria-required=\"true\" aria-invalid=\"false\" placeholder=\"Entrez votre adresse e-mail...\" value=\"\" type=\"email\" name=\"your-email\" \/><\/span>\n<\/p>\n<div class=\"form-btn-area\">\n\t<p><input class=\"wpcf7-form-control wpcf7-submit has-spinner\" type=\"submit\" value=\"s&#039;abonner\" \/><em><br \/>\n<svg xmlns=\"http:\/\/www.w3.org\/2000\/svg\" viewbox=\"0 0 18 12\"><path fill-rule=\"evenodd\" clip-rule=\"evenodd\" d=\"M16.2079 5.0991C14.0115 5.0991 12.0097 3.0991 12.0097 0.900901V0H10.2079V0.900901C10.2079 2.4991 10.9088 3.9982 12.0088 5.0991H0.892578V6.9009H12.0088C10.9088 8.0018 10.2079 9.5009 10.2079 11.0991V12H12.0097V11.0991C12.0097 8.9018 14.0115 6.9009 16.2079 6.9009H17.1088V5.0991H16.2079Z\"><\/path><\/svg><svg xmlns=\"http:\/\/www.w3.org\/2000\/svg\" viewbox=\"0 0 18 12\"><path fill-rule=\"evenodd\" clip-rule=\"evenodd\" d=\"M16.2079 5.0991C14.0115 5.0991 12.0097 3.0991 12.0097 0.900901V0H10.2079V0.900901C10.2079 2.4991 10.9088 3.9982 12.0088 5.0991H0.892578V6.9009H12.0088C10.9088 8.0018 10.2079 9.5009 10.2079 11.0991V12H12.0097V11.0991C12.0097 8.9018 14.0115 6.9009 16.2079 6.9009H17.1088V5.0991H16.2079Z\"><\/path><\/svg><\/em>\n\t<\/p>\n<\/div>\n<p><span class=\"wpcf7-form-control-wrap\" data-name=\"your-consent\"><span class=\"wpcf7-form-control wpcf7-acceptance\"><span class=\"wpcf7-list-item\"><label><input type=\"checkbox\" name=\"your-consent\" value=\"1\" aria-invalid=\"false\" \/><span class=\"wpcf7-list-item-label\">J'ai lu et j'accepte les <a href=\"#\"> Conditions g\u00e9n\u00e9rales<\/a><\/span><\/label><\/span><\/span><\/span>\n<\/p><div class=\"wpcf7-response-output\" aria-hidden=\"true\"><\/div>\n<input type=\"hidden\" name=\"trp-form-language\" value=\"fr\"\/><\/form>\n<\/div>\n\t\t\t\t<\/div>\n\t\t\t\t<\/div>\n\t\t\t\t<\/div>\n\t\t\t\t<div class=\"elementor-element elementor-element-7883adf elementor-absolute elementor-hidden-mobile elementor-widget elementor-widget-fpg-image\" data-id=\"7883adf\" data-element_type=\"widget\" data-e-type=\"widget\" data-settings=\"{&quot;_position&quot;:&quot;absolute&quot;}\" data-widget_type=\"fpg-image.default\">\n\t\t\t\t<div class=\"elementor-widget-container\">\n\t\t\t\t\t\n        <div class=\"rs-image\">\n\t\t\t                <img decoding=\"async\" class=\"rs-multi-image  reverse- blend_unset\" src=\"https:\/\/nerio.rstheme.com\/travel-news\/wp-content\/uploads\/sites\/3\/2025\/11\/cta-thumb-01-1.png\"\n                     alt=\"cta-thumb-01.png\"\/>\n\t\t\t\t        <\/div>\n\t\t\t\t\t\t<\/div>\n\t\t\t\t<\/div>\n\t\t\t\t<div class=\"elementor-element elementor-element-6f8d90e elementor-absolute elementor-hidden-mobile elementor-widget elementor-widget-fpg-image\" data-id=\"6f8d90e\" data-element_type=\"widget\" data-e-type=\"widget\" data-settings=\"{&quot;_position&quot;:&quot;absolute&quot;}\" data-widget_type=\"fpg-image.default\">\n\t\t\t\t<div class=\"elementor-widget-container\">\n\t\t\t\t\t\n        <div class=\"rs-image\">\n\t\t\t                <img decoding=\"async\" class=\"rs-multi-image  reverse- blend_unset\" src=\"https:\/\/nerio.rstheme.com\/travel-news\/wp-content\/uploads\/sites\/3\/2025\/11\/newsletter-dot-1.png\"\n                     alt=\"newsletter-dot.png\"\/>\n\t\t\t\t        <\/div>\n\t\t\t\t\t\t<\/div>\n\t\t\t\t<\/div>\n\t\t\t\t<div class=\"elementor-element elementor-element-2e47a38 elementor-absolute elementor-widget elementor-widget-fpg-image\" data-id=\"2e47a38\" data-element_type=\"widget\" data-e-type=\"widget\" data-settings=\"{&quot;_position&quot;:&quot;absolute&quot;}\" data-widget_type=\"fpg-image.default\">\n\t\t\t\t<div class=\"elementor-widget-container\">\n\t\t\t\t\t\n        <div class=\"rs-image\">\n\t\t\t                <img decoding=\"async\" class=\"rs-multi-image  reverse- blend_unset\" src=\"https:\/\/nerio.rstheme.com\/travel-news\/wp-content\/uploads\/sites\/3\/2025\/11\/cta-thumb-02-1.png\"\n                     alt=\"cta-thumb-02.png\"\/>\n\t\t\t\t        <\/div>\n\t\t\t\t\t\t<\/div>\n\t\t\t\t<\/div>\n\t\t\t\t<div class=\"elementor-element elementor-element-e8278c6 elementor-absolute elementor-widget elementor-widget-fpg-image\" data-id=\"e8278c6\" data-element_type=\"widget\" data-e-type=\"widget\" data-settings=\"{&quot;_position&quot;:&quot;absolute&quot;}\" data-widget_type=\"fpg-image.default\">\n\t\t\t\t<div class=\"elementor-widget-container\">\n\t\t\t\t\t\n        <div class=\"rs-image\">\n\t\t\t                <img decoding=\"async\" class=\"rs-multi-image  reverse- blend_unset\" src=\"https:\/\/nerio.rstheme.com\/travel-news\/wp-content\/uploads\/sites\/3\/2025\/11\/cta-thumb-03-1.png\"\n                     alt=\"cta-thumb-03.png\"\/>\n\t\t\t\t        <\/div>\n\t\t\t\t\t\t<\/div>\n\t\t\t\t<\/div>\n\t\t\t\t<div class=\"elementor-element elementor-element-d19db62 elementor-absolute elementor-widget elementor-widget-fpg-image\" data-id=\"d19db62\" data-element_type=\"widget\" data-e-type=\"widget\" data-settings=\"{&quot;_position&quot;:&quot;absolute&quot;}\" data-widget_type=\"fpg-image.default\">\n\t\t\t\t<div class=\"elementor-widget-container\">\n\t\t\t\t\t\n        <div class=\"rs-image\">\n\t\t\t                <img decoding=\"async\" class=\"rs-multi-image  reverse- blend_unset\" src=\"https:\/\/nerio.rstheme.com\/travel-news\/wp-content\/uploads\/sites\/3\/2025\/11\/cta-thumb-04-1.png\"\n                     alt=\"cta-thumb-04.png\"\/>\n\t\t\t\t        <\/div>\n\t\t\t\t\t\t<\/div>\n\t\t\t\t<\/div>\n\t\t\t\t<\/div>\n\t\t\t\t<\/div>\n\t\t\t\t\t<\/div>\n\t\t\t\t<\/div>\n\t\t\t\t<\/div>","protected":false},"excerpt":{"rendered":"<p>Tourisme Tourisme \u00e0 Oubri : les acteurs veulent cr\u00e9er une f\u00e9d\u00e9ration r\u00e9gionale By Yamix 161 Views ao\u00fbt 29, 2026 Tourisme Compte satellite du tourisme : le Burkina avance dans la mesure du poids \u00e9conomique du tourisme By Yamix 160 Views ao\u00fbt 27, 2026 Patrimoine naturel Le Ranch de Gibier de Nazinga : Le sanctuaire des [&hellip;]<\/p>\n","protected":false},"author":1,"featured_media":0,"parent":0,"menu_order":0,"comment_status":"closed","ping_status":"closed","template":"elementor_header_footer","meta":{"footnotes":""},"class_list":["post-184","page","type-page","status-publish","hentry"],"_hostinger_reach_plugin_has_subscription_block":false,"_hostinger_reach_plugin_is_elementor":false,"_links":{"self":[{"href":"https:\/\/voirfaso.com\/fr\/wp-json\/wp\/v2\/pages\/184","targetHints":{"allow":["GET"]}}],"collection":[{"href":"https:\/\/voirfaso.com\/fr\/wp-json\/wp\/v2\/pages"}],"about":[{"href":"https:\/\/voirfaso.com\/fr\/wp-json\/wp\/v2\/types\/page"}],"author":[{"embeddable":true,"href":"https:\/\/voirfaso.com\/fr\/wp-json\/wp\/v2\/users\/1"}],"replies":[{"embeddable":true,"href":"https:\/\/voirfaso.com\/fr\/wp-json\/wp\/v2\/comments?post=184"}],"version-history":[{"count":96,"href":"https:\/\/voirfaso.com\/fr\/wp-json\/wp\/v2\/pages\/184\/revisions"}],"predecessor-version":[{"id":8884,"href":"https:\/\/voirfaso.com\/fr\/wp-json\/wp\/v2\/pages\/184\/revisions\/8884"}],"wp:attachment":[{"href":"https:\/\/voirfaso.com\/fr\/wp-json\/wp\/v2\/media?parent=184"}],"curies":[{"name":"wp","href":"https:\/\/api.w.org\/{rel}","templated":true}]}}